{"id":75,"date":"2026-06-09T18:22:39","date_gmt":"2026-06-09T18:22:39","guid":{"rendered":"https:\/\/arbeitskreis-zwingenberger-synagoge.de\/wordpress\/?page_id=75"},"modified":"2026-08-21T23:10:22","modified_gmt":"2026-08-21T21:10:22","slug":"grusswort-von-michael-ben-eliezer","status":"publish","type":"page","link":"https:\/\/arbeitskreis-zwingenberger-synagoge.de\/wordpress\/stolpersteine_stolperschwelle\/familie-wolf\/grusswort-von-michael-ben-eliezer\/","title":{"rendered":"Grusswort von Michael Ben-Eliezer"},"content":{"rendered":"\n<p class=\"has-medium-font-size wp-block-paragraph\"><strong>Sie lesen ein Gru\u00dfwort von Michael Ben-Elizer &#8211; Sohn von Fritz Wolf, Enkel von Saly und Amanda Wolf und Neffe von Arnold Wolf&nbsp;anl\u00e4sslich der Stolpersteinverlegung am 03. Juli 2012. <\/strong><br><a href=\"https:\/\/arbeitskreis-zwingenberger-synagoge.de\/wordpress\/?page_id=75#translate\" type=\"page\" id=\"75\">Hier<\/a> gelangen Sie direkt zur deutschen \u00dcbersetzung.<\/p>\n\n\n\n<figure class=\"wp-block-image size-full\"><img loading=\"lazy\" decoding=\"async\" width=\"756\" height=\"531\" src=\"https:\/\/arbeitskreis-zwingenberger-synagoge.de\/wordpress\/wp-content\/uploads\/2026\/06\/wolfmarktplatzwebsite_1038.jpg\" alt=\"\" class=\"wp-image-58\" srcset=\"https:\/\/arbeitskreis-zwingenberger-synagoge.de\/wordpress\/wp-content\/uploads\/2026\/06\/wolfmarktplatzwebsite_1038.jpg 756w, https:\/\/arbeitskreis-zwingenberger-synagoge.de\/wordpress\/wp-content\/uploads\/2026\/06\/wolfmarktplatzwebsite_1038-300x211.jpg 300w\" sizes=\"auto, (max-width: 756px) 100vw, 756px\" \/><figcaption class=\"wp-element-caption\">Saly, Ilse, Arnold, Fritz und Amanda Wolf<\/figcaption><\/figure>\n\n\n\n<div style=\"height:53px\" aria-hidden=\"true\" class=\"wp-block-spacer\"><\/div>\n\n\n\n<blockquote class=\"wp-block-quote is-layout-flow wp-block-quote-is-layout-flow\">\n<p class=\"wp-block-paragraph\">Dear Fritz,&nbsp;<br><br>I&#8217;m afraid that we will not be able to come to Germany in July for the ceremony. I simply have too many obligations here at home at that time.&nbsp;<br><br>However, my wife and I would like to plan a short overnight visit (a day or so) to Zwingenberg at the end of the summer, perhaps in September, in order to meet you and of course to see my father&#8217;s home town and the memorial. <br><br>In the meantime I send you and your team our best wishes for the success of your important undertaking and to let you know that I will be thinking of you at the time of the ceremony.&nbsp;<br><br>Both my parents are buried in Jerusalem beside one another and between their gravestones we set a memorial plaque for my mother&#8217;s family and my father&#8217;s family who were murdered by the Nazis.&nbsp;<br><br>However, as moving as a memorial in the ancient hills of Jerusalem in the State of Israel may be, I cannot but feel that the most fitting tribute to my parents and grandparents and all their extended family derives from the fact that their children and grandchildren are now themselves great grandparents and grandparents and are flourishing today in Israel, America, England and Scotland.<br><br>To my mind this living tribute is the greatest accolade for my parents and others who were orphaned and downtrodden by the atrocities of the Nazis but who nevertheless succeeded in carving out new lives for themselves out of the despair and destruction.<br><br>Today, when I consider that my 17 year old son is the same age as my parents were when they fled from Hitler, I am overwhelmed by all manner of unbearable thoughts as to what my parents and grandparents must have experienced, but I am also immensely thankful that we have been spared such unimaginable horror.&nbsp;<br><br>We must do all we can to ensure that our society remains civilized and must aspire to good works and justice in the world. This is one of the most basic tenets of the Jewish faith and culture in which my parents brought me up and educated me.&nbsp;<br><br>I salute you and all the like-minded people of your town who are dedicated to preserving the memories of those who were murdered and violated, and to teaching the lessons of the holocaust to future generations, and I pray that you will succeed in your endeavours.<br><br>With best wishes,<br><br>Michael Ben-Eliezer.<br><br>Son of Fritz Wolf, grandson of Saly and Amanda Wolf, and nephew of Arnold Wolf.<\/p>\n<\/blockquote>\n\n\n\n<h4 id=\"translate\" class=\"wp-block-heading\">\u00dcbersetzung<\/h4>\n\n\n\n<blockquote class=\"wp-block-quote is-layout-flow wp-block-quote-is-layout-flow\">\n<p class=\"wp-block-paragraph\">Lieber Fritz,<br><br>ich f\u00fcrchte, dass wir nicht zur Stolpersteinverlegung im Juli nach Deutschland kommen k\u00f6nnen. Ich habe zu diesem Zeitpunkt hier einfach zu viele Verpflichtungen.&nbsp;<br><br>Meine Frau und ich w\u00fcrden jedoch gerne zu einem kurzen Besuch nach Zwingenberg zu Ende des Sommers, vielleicht im September, kommen, um Dich zu treffen und nat\u00fcrlich die Heimatstadt meines Vaters und die Gedenktafeln zu sehen.<br><br>In der Zwischenzeit sende ich Dir und Deinen Mitstreitern unsere besten W\u00fcnsche f\u00fcr den Erfolg Eures wichtigen Vorhabens und ich m\u00f6chte Euch wissen lassen, dass ich w\u00e4hrend der Zeit der Stolpersteinverlegung an Euch denken werde.<br><br>Meine beiden Eltern sind in Jerusalem nebeneinander beerdigt und zwischen ihre Grabsteine haben wir eine Gedenktafel f\u00fcr die Familien meiner Mutter und meines Vaters gesetzt, die von den Nazis ermordet wurden.&nbsp;<br><br>So bewegend auch diese Erinnerungsst\u00e4tte in den altehrw\u00fcrdigen H\u00fcgeln von Jerusalem im Staat Israel sein mag, so liegt f\u00fcr mich der beste Beitrag zum w\u00fcrdigen Andenken an meine Eltern, Gro\u00dfeltern und ihre ausgedehnten Familien in der Tatsache, dass ihre Kinder und Enkel nun selbst Ur-Gro\u00dfeltern und Gro\u00dfeltern sind, die sich in Israel, Amerika, England und Schottland ihres Lebens erfreuen.&nbsp;<br>Dieser lebendige Beitrag ist f\u00fcr mich die gr\u00f6\u00dfte Anerkennung f\u00fcr meine Eltern und auch eine W\u00fcrdigung all jener Menschen, die elternlos wurden und von den Nazis unterdr\u00fcckt wurden, denen es aber trotzdem gl\u00fcckte, ein neues Leben aus der Verzweiflung und Vernichtung heraus zu entwickeln.&nbsp;<br><br>Wenn ich heute \u00fcberlege, dass mein 17 Jahre alter Sohn in demselben Alter ist, in dem meine Eltern vor Hitler flohen, werde ich \u00fcberw\u00e4ltigt von vielen unertr\u00e4glichen Gedanken dar\u00fcber, was meine Eltern und Gro\u00dfeltern ertragen mussten. Ich bin au\u00dferordentlich dankbar daf\u00fcr, dass wir von solchem unvorstellbaren Horror verschont blieben.<br><br>Wir m\u00fcssen alles daf\u00fcr tun, dass unsere Gesellschaft zivilisiert bleibt und nach guten Werken und Gerechtigkeit in der Welt strebt. Dies ist eine der fundamentalsten Grunds\u00e4tze j\u00fcdischen Glaubens und j\u00fcdischer Kultur, mit dem mich meine Eltern aufgezogen und erzogen haben.<br><br>Ich gr\u00fc\u00dfe Dich und alle \u00e4hnlich denkende Menschen in Deiner Stadt, die es sich zur Aufgabe gemacht haben, die Erinnerung an all Jene zu bewahren, die ermordet und gesch\u00e4ndet wurden, und die Lehren aus dem Holocaust an zuk\u00fcnftige Generationen weiterzugeben. Ich bete daf\u00fcr, dass Ihr mit Eurem Bestreben Erfolg haben werdet.<br><br>Mit den besten W\u00fcnschen<br>Michael Ben-Eliezer,<br>Sohn von Fritz Wolf, Enkel von Saly und Amanda Wolf und Neffe von Arnold Wolf&nbsp;<\/p>\n<\/blockquote>\n\n\n\n<p class=\"wp-block-paragraph\"><sup>\u00dcbersetzung Dr. Fritz Kilthau <\/sup><\/p>\n\n\n\n<div class=\"wp-block-group alignfull has-global-padding is-layout-constrained wp-block-group-is-layout-constrained\">\n<div style=\"height:70px\" aria-hidden=\"true\" class=\"wp-block-spacer\"><\/div>\n\n\n<nav style=\"--separator: &quot;\/&quot;\" class=\"alignfull wp-block-breadcrumbs\" aria-label=\"Navigationspfad\"><ol><li><a href=\"https:\/\/arbeitskreis-zwingenberger-synagoge.de\/wordpress\/\">Start<\/a><\/li><li><a href=\"https:\/\/arbeitskreis-zwingenberger-synagoge.de\/wordpress\/stolpersteine_stolperschwelle\/\">Stolpersteine und Stolperschwelle<\/a><\/li><li><a href=\"https:\/\/arbeitskreis-zwingenberger-synagoge.de\/wordpress\/stolpersteine_stolperschwelle\/familie-wolf\/\">Familie Wolf<\/a><\/li><li><span aria-current=\"page\">Grusswort von Michael Ben-Eliezer<\/span><\/li><\/ol><\/nav><\/div>\n","protected":false},"excerpt":{"rendered":"<p>Sie lesen ein Gru\u00dfwort von Michael Ben-Elizer &#8211; Sohn von Fritz Wolf, Enkel von Saly und Amanda Wolf und Neffe von Arnold Wolf&nbsp;anl\u00e4sslich der Stolpersteinverlegung am 03. Juli 2012. Hier gelangen Sie direkt zur deutschen \u00dcbersetzung. Dear Fritz,&nbsp; I&#8217;m afraid that we will not be able to come to Germany in July for the ceremony. [&hellip;]<\/p>\n","protected":false},"author":1,"featured_media":0,"parent":59,"menu_order":0,"comment_status":"closed","ping_status":"closed","template":"","meta":{"footnotes":""},"class_list":["post-75","page","type-page","status-publish","hentry"],"yoast_head":"<!-- This site is optimized with the Yoast SEO plugin v28.4 - https:\/\/yoast.com\/product\/yoast-seo-wordpress\/ -->\n<title>Grusswort von Michael Ben-Eliezer - Arbeitskreis Zwingenberger Synagoge e.V.<\/title>\n<meta name=\"robots\" content=\"index, follow, max-snippet:-1, max-image-preview:large, max-video-preview:-1\" \/>\n<link rel=\"canonical\" href=\"https:\/\/arbeitskreis-zwingenberger-synagoge.de\/wordpress\/stolpersteine_stolperschwelle\/familie-wolf\/grusswort-von-michael-ben-eliezer\/\" \/>\n<meta property=\"og:locale\" content=\"de_DE\" \/>\n<meta property=\"og:type\" content=\"article\" \/>\n<meta property=\"og:title\" content=\"Grusswort von Michael Ben-Eliezer - Arbeitskreis Zwingenberger Synagoge e.V.\" \/>\n<meta property=\"og:description\" content=\"Sie lesen ein Gru\u00dfwort von Michael Ben-Elizer &#8211; Sohn von Fritz Wolf, Enkel von Saly und Amanda Wolf und Neffe von Arnold Wolf&nbsp;anl\u00e4sslich der Stolpersteinverlegung am 03. Juli 2012. Hier gelangen Sie direkt zur deutschen \u00dcbersetzung. Dear Fritz,&nbsp; I&#8217;m afraid that we will not be able to come to Germany in July for the ceremony. [&hellip;]\" \/>\n<meta property=\"og:url\" content=\"https:\/\/arbeitskreis-zwingenberger-synagoge.de\/wordpress\/stolpersteine_stolperschwelle\/familie-wolf\/grusswort-von-michael-ben-eliezer\/\" \/>\n<meta property=\"og:site_name\" content=\"Arbeitskreis Zwingenberger Synagoge e.V.\" \/>\n<meta property=\"article:modified_time\" content=\"2026-08-21T21:10:22+00:00\" \/>\n<meta property=\"og:image\" content=\"https:\/\/arbeitskreis-zwingenberger-synagoge.de\/wordpress\/wp-content\/uploads\/2026\/06\/wolfmarktplatzwebsite_1038.jpg\" \/>\n\t<meta property=\"og:image:width\" content=\"756\" \/>\n\t<meta property=\"og:image:height\" content=\"531\" \/>\n\t<meta property=\"og:image:type\" content=\"image\/jpeg\" \/>\n<meta name=\"twitter:card\" content=\"summary_large_image\" \/>\n<meta name=\"twitter:label1\" content=\"Gesch\u00e4tzte Lesezeit\" \/>\n\t<meta name=\"twitter:data1\" content=\"1\u00a0Minute\" \/>\n<script type=\"application\/ld+json\" class=\"yoast-schema-graph\">{\"@context\":\"https:\\\/\\\/schema.org\",\"@graph\":[{\"@type\":\"WebPage\",\"@id\":\"https:\\\/\\\/arbeitskreis-zwingenberger-synagoge.de\\\/wordpress\\\/stolpersteine_stolperschwelle\\\/familie-wolf\\\/grusswort-von-michael-ben-eliezer\\\/\",\"url\":\"https:\\\/\\\/arbeitskreis-zwingenberger-synagoge.de\\\/wordpress\\\/stolpersteine_stolperschwelle\\\/familie-wolf\\\/grusswort-von-michael-ben-eliezer\\\/\",\"name\":\"Grusswort von Michael Ben-Eliezer - Arbeitskreis Zwingenberger Synagoge e.V.\",\"isPartOf\":{\"@id\":\"https:\\\/\\\/arbeitskreis-zwingenberger-synagoge.de\\\/wordpress\\\/#website\"},\"primaryImageOfPage\":{\"@id\":\"https:\\\/\\\/arbeitskreis-zwingenberger-synagoge.de\\\/wordpress\\\/stolpersteine_stolperschwelle\\\/familie-wolf\\\/grusswort-von-michael-ben-eliezer\\\/#primaryimage\"},\"image\":{\"@id\":\"https:\\\/\\\/arbeitskreis-zwingenberger-synagoge.de\\\/wordpress\\\/stolpersteine_stolperschwelle\\\/familie-wolf\\\/grusswort-von-michael-ben-eliezer\\\/#primaryimage\"},\"thumbnailUrl\":\"https:\\\/\\\/arbeitskreis-zwingenberger-synagoge.de\\\/wordpress\\\/wp-content\\\/uploads\\\/2026\\\/06\\\/wolfmarktplatzwebsite_1038.jpg\",\"datePublished\":\"2026-06-09T18:22:39+00:00\",\"dateModified\":\"2026-08-21T21:10:22+00:00\",\"breadcrumb\":{\"@id\":\"https:\\\/\\\/arbeitskreis-zwingenberger-synagoge.de\\\/wordpress\\\/stolpersteine_stolperschwelle\\\/familie-wolf\\\/grusswort-von-michael-ben-eliezer\\\/#breadcrumb\"},\"inLanguage\":\"de\",\"potentialAction\":[{\"@type\":\"ReadAction\",\"target\":[\"https:\\\/\\\/arbeitskreis-zwingenberger-synagoge.de\\\/wordpress\\\/stolpersteine_stolperschwelle\\\/familie-wolf\\\/grusswort-von-michael-ben-eliezer\\\/\"]}]},{\"@type\":\"ImageObject\",\"inLanguage\":\"de\",\"@id\":\"https:\\\/\\\/arbeitskreis-zwingenberger-synagoge.de\\\/wordpress\\\/stolpersteine_stolperschwelle\\\/familie-wolf\\\/grusswort-von-michael-ben-eliezer\\\/#primaryimage\",\"url\":\"https:\\\/\\\/arbeitskreis-zwingenberger-synagoge.de\\\/wordpress\\\/wp-content\\\/uploads\\\/2026\\\/06\\\/wolfmarktplatzwebsite_1038.jpg\",\"contentUrl\":\"https:\\\/\\\/arbeitskreis-zwingenberger-synagoge.de\\\/wordpress\\\/wp-content\\\/uploads\\\/2026\\\/06\\\/wolfmarktplatzwebsite_1038.jpg\",\"width\":756,\"height\":531,\"caption\":\"Saly, Ilse, Arnold, Fritz und Amanda Wolf\"},{\"@type\":\"BreadcrumbList\",\"@id\":\"https:\\\/\\\/arbeitskreis-zwingenberger-synagoge.de\\\/wordpress\\\/stolpersteine_stolperschwelle\\\/familie-wolf\\\/grusswort-von-michael-ben-eliezer\\\/#breadcrumb\",\"itemListElement\":[{\"@type\":\"ListItem\",\"position\":1,\"name\":\"Start\",\"item\":\"https:\\\/\\\/arbeitskreis-zwingenberger-synagoge.de\\\/wordpress\\\/\"},{\"@type\":\"ListItem\",\"position\":2,\"name\":\"Stolpersteine und Stolperschwelle\",\"item\":\"https:\\\/\\\/arbeitskreis-zwingenberger-synagoge.de\\\/wordpress\\\/stolpersteine_stolperschwelle\\\/\"},{\"@type\":\"ListItem\",\"position\":3,\"name\":\"Familie Wolf\",\"item\":\"https:\\\/\\\/arbeitskreis-zwingenberger-synagoge.de\\\/wordpress\\\/stolpersteine_stolperschwelle\\\/familie-wolf\\\/\"},{\"@type\":\"ListItem\",\"position\":4,\"name\":\"Grusswort von Michael Ben-Eliezer\"}]},{\"@type\":\"WebSite\",\"@id\":\"https:\\\/\\\/arbeitskreis-zwingenberger-synagoge.de\\\/wordpress\\\/#website\",\"url\":\"https:\\\/\\\/arbeitskreis-zwingenberger-synagoge.de\\\/wordpress\\\/\",\"name\":\"Arbeitskreis Zwingenberger Synagoge e.V.\",\"description\":\"\",\"publisher\":{\"@id\":\"https:\\\/\\\/arbeitskreis-zwingenberger-synagoge.de\\\/wordpress\\\/#organization\"},\"potentialAction\":[{\"@type\":\"SearchAction\",\"target\":{\"@type\":\"EntryPoint\",\"urlTemplate\":\"https:\\\/\\\/arbeitskreis-zwingenberger-synagoge.de\\\/wordpress\\\/?s={search_term_string}\"},\"query-input\":{\"@type\":\"PropertyValueSpecification\",\"valueRequired\":true,\"valueName\":\"search_term_string\"}}],\"inLanguage\":\"de\"},{\"@type\":\"Organization\",\"@id\":\"https:\\\/\\\/arbeitskreis-zwingenberger-synagoge.de\\\/wordpress\\\/#organization\",\"name\":\"Arbeitskreis Zwingenberger Synagoge e.V.\",\"url\":\"https:\\\/\\\/arbeitskreis-zwingenberger-synagoge.de\\\/wordpress\\\/\",\"logo\":{\"@type\":\"ImageObject\",\"inLanguage\":\"de\",\"@id\":\"https:\\\/\\\/arbeitskreis-zwingenberger-synagoge.de\\\/wordpress\\\/#\\\/schema\\\/logo\\\/image\\\/\",\"url\":\"https:\\\/\\\/arbeitskreis-zwingenberger-synagoge.de\\\/wordpress\\\/wp-content\\\/uploads\\\/2026\\\/06\\\/cropped-Wordpress_Icon.png\",\"contentUrl\":\"https:\\\/\\\/arbeitskreis-zwingenberger-synagoge.de\\\/wordpress\\\/wp-content\\\/uploads\\\/2026\\\/06\\\/cropped-Wordpress_Icon.png\",\"width\":512,\"height\":512,\"caption\":\"Arbeitskreis Zwingenberger Synagoge e.V.\"},\"image\":{\"@id\":\"https:\\\/\\\/arbeitskreis-zwingenberger-synagoge.de\\\/wordpress\\\/#\\\/schema\\\/logo\\\/image\\\/\"}}]}<\/script>\n<!-- \/ Yoast SEO plugin. -->","yoast_head_json":{"title":"Grusswort von Michael Ben-Eliezer - Arbeitskreis Zwingenberger Synagoge e.V.","robots":{"index":"index","follow":"follow","max-snippet":"max-snippet:-1","max-image-preview":"max-image-preview:large","max-video-preview":"max-video-preview:-1"},"canonical":"https:\/\/arbeitskreis-zwingenberger-synagoge.de\/wordpress\/stolpersteine_stolperschwelle\/familie-wolf\/grusswort-von-michael-ben-eliezer\/","og_locale":"de_DE","og_type":"article","og_title":"Grusswort von Michael Ben-Eliezer - Arbeitskreis Zwingenberger Synagoge e.V.","og_description":"Sie lesen ein Gru\u00dfwort von Michael Ben-Elizer &#8211; Sohn von Fritz Wolf, Enkel von Saly und Amanda Wolf und Neffe von Arnold Wolf&nbsp;anl\u00e4sslich der Stolpersteinverlegung am 03. Juli 2012. Hier gelangen Sie direkt zur deutschen \u00dcbersetzung. Dear Fritz,&nbsp; I&#8217;m afraid that we will not be able to come to Germany in July for the ceremony. [&hellip;]","og_url":"https:\/\/arbeitskreis-zwingenberger-synagoge.de\/wordpress\/stolpersteine_stolperschwelle\/familie-wolf\/grusswort-von-michael-ben-eliezer\/","og_site_name":"Arbeitskreis Zwingenberger Synagoge e.V.","article_modified_time":"2026-08-21T21:10:22+00:00","og_image":[{"width":756,"height":531,"url":"https:\/\/arbeitskreis-zwingenberger-synagoge.de\/wordpress\/wp-content\/uploads\/2026\/06\/wolfmarktplatzwebsite_1038.jpg","type":"image\/jpeg"}],"twitter_card":"summary_large_image","twitter_misc":{"Gesch\u00e4tzte Lesezeit":"1\u00a0Minute"},"schema":{"@context":"https:\/\/schema.org","@graph":[{"@type":"WebPage","@id":"https:\/\/arbeitskreis-zwingenberger-synagoge.de\/wordpress\/stolpersteine_stolperschwelle\/familie-wolf\/grusswort-von-michael-ben-eliezer\/","url":"https:\/\/arbeitskreis-zwingenberger-synagoge.de\/wordpress\/stolpersteine_stolperschwelle\/familie-wolf\/grusswort-von-michael-ben-eliezer\/","name":"Grusswort von Michael Ben-Eliezer - Arbeitskreis Zwingenberger Synagoge e.V.","isPartOf":{"@id":"https:\/\/arbeitskreis-zwingenberger-synagoge.de\/wordpress\/#website"},"primaryImageOfPage":{"@id":"https:\/\/arbeitskreis-zwingenberger-synagoge.de\/wordpress\/stolpersteine_stolperschwelle\/familie-wolf\/grusswort-von-michael-ben-eliezer\/#primaryimage"},"image":{"@id":"https:\/\/arbeitskreis-zwingenberger-synagoge.de\/wordpress\/stolpersteine_stolperschwelle\/familie-wolf\/grusswort-von-michael-ben-eliezer\/#primaryimage"},"thumbnailUrl":"https:\/\/arbeitskreis-zwingenberger-synagoge.de\/wordpress\/wp-content\/uploads\/2026\/06\/wolfmarktplatzwebsite_1038.jpg","datePublished":"2026-06-09T18:22:39+00:00","dateModified":"2026-08-21T21:10:22+00:00","breadcrumb":{"@id":"https:\/\/arbeitskreis-zwingenberger-synagoge.de\/wordpress\/stolpersteine_stolperschwelle\/familie-wolf\/grusswort-von-michael-ben-eliezer\/#breadcrumb"},"inLanguage":"de","potentialAction":[{"@type":"ReadAction","target":["https:\/\/arbeitskreis-zwingenberger-synagoge.de\/wordpress\/stolpersteine_stolperschwelle\/familie-wolf\/grusswort-von-michael-ben-eliezer\/"]}]},{"@type":"ImageObject","inLanguage":"de","@id":"https:\/\/arbeitskreis-zwingenberger-synagoge.de\/wordpress\/stolpersteine_stolperschwelle\/familie-wolf\/grusswort-von-michael-ben-eliezer\/#primaryimage","url":"https:\/\/arbeitskreis-zwingenberger-synagoge.de\/wordpress\/wp-content\/uploads\/2026\/06\/wolfmarktplatzwebsite_1038.jpg","contentUrl":"https:\/\/arbeitskreis-zwingenberger-synagoge.de\/wordpress\/wp-content\/uploads\/2026\/06\/wolfmarktplatzwebsite_1038.jpg","width":756,"height":531,"caption":"Saly, Ilse, Arnold, Fritz und Amanda Wolf"},{"@type":"BreadcrumbList","@id":"https:\/\/arbeitskreis-zwingenberger-synagoge.de\/wordpress\/stolpersteine_stolperschwelle\/familie-wolf\/grusswort-von-michael-ben-eliezer\/#breadcrumb","itemListElement":[{"@type":"ListItem","position":1,"name":"Start","item":"https:\/\/arbeitskreis-zwingenberger-synagoge.de\/wordpress\/"},{"@type":"ListItem","position":2,"name":"Stolpersteine und Stolperschwelle","item":"https:\/\/arbeitskreis-zwingenberger-synagoge.de\/wordpress\/stolpersteine_stolperschwelle\/"},{"@type":"ListItem","position":3,"name":"Familie Wolf","item":"https:\/\/arbeitskreis-zwingenberger-synagoge.de\/wordpress\/stolpersteine_stolperschwelle\/familie-wolf\/"},{"@type":"ListItem","position":4,"name":"Grusswort von Michael Ben-Eliezer"}]},{"@type":"WebSite","@id":"https:\/\/arbeitskreis-zwingenberger-synagoge.de\/wordpress\/#website","url":"https:\/\/arbeitskreis-zwingenberger-synagoge.de\/wordpress\/","name":"Arbeitskreis Zwingenberger Synagoge e.V.","description":"","publisher":{"@id":"https:\/\/arbeitskreis-zwingenberger-synagoge.de\/wordpress\/#organization"},"potentialAction":[{"@type":"SearchAction","target":{"@type":"EntryPoint","urlTemplate":"https:\/\/arbeitskreis-zwingenberger-synagoge.de\/wordpress\/?s={search_term_string}"},"query-input":{"@type":"PropertyValueSpecification","valueRequired":true,"valueName":"search_term_string"}}],"inLanguage":"de"},{"@type":"Organization","@id":"https:\/\/arbeitskreis-zwingenberger-synagoge.de\/wordpress\/#organization","name":"Arbeitskreis Zwingenberger Synagoge e.V.","url":"https:\/\/arbeitskreis-zwingenberger-synagoge.de\/wordpress\/","logo":{"@type":"ImageObject","inLanguage":"de","@id":"https:\/\/arbeitskreis-zwingenberger-synagoge.de\/wordpress\/#\/schema\/logo\/image\/","url":"https:\/\/arbeitskreis-zwingenberger-synagoge.de\/wordpress\/wp-content\/uploads\/2026\/06\/cropped-Wordpress_Icon.png","contentUrl":"https:\/\/arbeitskreis-zwingenberger-synagoge.de\/wordpress\/wp-content\/uploads\/2026\/06\/cropped-Wordpress_Icon.png","width":512,"height":512,"caption":"Arbeitskreis Zwingenberger Synagoge e.V."},"image":{"@id":"https:\/\/arbeitskreis-zwingenberger-synagoge.de\/wordpress\/#\/schema\/logo\/image\/"}}]}},"_links":{"self":[{"href":"https:\/\/arbeitskreis-zwingenberger-synagoge.de\/wordpress\/wp-json\/wp\/v2\/pages\/75","targetHints":{"allow":["GET"]}}],"collection":[{"href":"https:\/\/arbeitskreis-zwingenberger-synagoge.de\/wordpress\/wp-json\/wp\/v2\/pages"}],"about":[{"href":"https:\/\/arbeitskreis-zwingenberger-synagoge.de\/wordpress\/wp-json\/wp\/v2\/types\/page"}],"author":[{"embeddable":true,"href":"https:\/\/arbeitskreis-zwingenberger-synagoge.de\/wordpress\/wp-json\/wp\/v2\/users\/1"}],"replies":[{"embeddable":true,"href":"https:\/\/arbeitskreis-zwingenberger-synagoge.de\/wordpress\/wp-json\/wp\/v2\/comments?post=75"}],"version-history":[{"count":6,"href":"https:\/\/arbeitskreis-zwingenberger-synagoge.de\/wordpress\/wp-json\/wp\/v2\/pages\/75\/revisions"}],"predecessor-version":[{"id":315,"href":"https:\/\/arbeitskreis-zwingenberger-synagoge.de\/wordpress\/wp-json\/wp\/v2\/pages\/75\/revisions\/315"}],"up":[{"embeddable":true,"href":"https:\/\/arbeitskreis-zwingenberger-synagoge.de\/wordpress\/wp-json\/wp\/v2\/pages\/59"}],"wp:attachment":[{"href":"https:\/\/arbeitskreis-zwingenberger-synagoge.de\/wordpress\/wp-json\/wp\/v2\/media?parent=75"}],"curies":[{"name":"wp","href":"https:\/\/api.w.org\/{rel}","templated":true}]}}