{"id":59,"date":"2026-06-09T17:37:56","date_gmt":"2026-06-09T17:37:56","guid":{"rendered":"https:\/\/arbeitskreis-zwingenberger-synagoge.de\/wordpress\/?page_id=59"},"modified":"2026-08-29T21:50:52","modified_gmt":"2026-08-29T19:50:52","slug":"familie-wolf","status":"publish","type":"page","link":"https:\/\/arbeitskreis-zwingenberger-synagoge.de\/wordpress\/stolpersteine_stolperschwelle\/familie-wolf\/","title":{"rendered":"Familie Wolf"},"content":{"rendered":"\n<h3 class=\"wp-block-heading\"><strong>Saly, Amanda und Arnold Wolf&nbsp;<\/strong><\/h3>\n\n\n\n<div style=\"height:35px\" aria-hidden=\"true\" class=\"wp-block-spacer\"><\/div>\n\n\n\n<p class=\"alignwide wp-block-paragraph\"><strong>Ich m\u00f6chte Ihnen nun gerne von der Familie Wolf erz\u00e4hlen, die Sie hier auf einem Foto sehen k\u00f6nnen und die hier in diesem Haus Marktplatz 12 wohnten.&nbsp;<br><br>Der Vater Saly Wolf \u2013 links auf dem Bild zu sehen &#8211; wurde 1886 in Ober-Klingen geboren. Ober-Klingen geh\u00f6rt heute zur Gemeinde Otzberg im Odenwald. Seine Ehefrau Amanda Wolf kam aus Biblis \u2013 dort war sie als Amanda Fr\u00e4nkel 1896 geboren worden. Saly und Amanda Wolf betrieben in diesem Haus einen Leder- und Schuhwarenhandel. Die Beiden hatten 3 Kinder, die man auf diesem Foto sieht: Links hinten steht Ilse, in der Mitte sitzt Arnold und rechts hinten sieht man Fritz.&nbsp;<br><br>Die Familie Wolf war sehr gastfreundlich und beliebt; Kinder waren jederzeit willkommen.&nbsp;<br><br>Nach 1933 hatte die Familie ein schweres Leben; sie wurden gemieden, die Tochter auf der Stra\u00dfe angespuckt. Nur wenige Zwingenberger B\u00fcrger hielten noch zu ihnen, sie schlichen sich bei Dunkelheit durch die Hintert\u00fcr ins Haus Wolf, um miteinander zu reden oder eine kleine Unterst\u00fctzung abzugeben.&nbsp;<br><br>Amanda und Saly Wolf wollten 1938 in die USA ausreisen, doch dies gelang nicht mehr. Die Repressalien gegen die j\u00fcdischen B\u00fcrger wurden immer massiver \u2013 das Lederwarengesch\u00e4ft der Familie Wolf erhielt von der Bank keinen Kredit mehr und musste geschlossen werden. Amanda und Saly Wolf beschlossen wegzuziehen. Am 1. Oktober 1938 wurde die Firma im Gewerberegister gel\u00f6scht und Amanda und Sally Wolf verzogen nach Darmstadt in die Grafenstra\u00dfe 13, einem sog. Judenhaus; hier bekam Saly Wolf eine kleine Anstellung im Judenviertel.<br><br>Beide wurden am 20. M\u00e4rz 1942 vom Darmstadter G\u00fcterbahnhof aus in einem Transport von 1000 Juden ins Lager Piaski-Lublin in Polen deportiert; von dort erfolgten regelm\u00e4\u00dfige Transporte in die umliegenden Vernichtungslager Belzec, Majdanek oder Sobibor. Vermutlich ist Amanda Wolf in einem dieser Lager ermordet worden.<\/strong><\/p>\n\n\n\n<p class=\"alignwide wp-block-paragraph\"><strong>Saly Wolfs Schicksal konnte gleichfalls nicht einwandfrei gekl\u00e4rt werden:&nbsp;<br>Saly Wolfs Tochter Ilse gibt an, auf diesem bekannten Foto, das nach der Befreiung des Konzentrationslagers Buchenwald 1945 gemacht wurde, ihren Vater erkannt zu haben. <\/strong><\/p>\n\n\n\n<div class=\"wp-block-columns alignwide is-layout-flex wp-container-core-columns-is-layout-f56f613f wp-block-columns-is-layout-flex\">\n<div class=\"wp-block-column is-layout-flow wp-block-column-is-layout-flow\">\n<figure class=\"wp-block-image size-large\"><a href=\"https:\/\/de.wikipedia.org\/wiki\/Datei:Buchenwald_Slave_Laborers_Liberation.jpg\"><img decoding=\"async\" src=\"https:\/\/upload.wikimedia.org\/wikipedia\/commons\/d\/d7\/%22These_are_slave_laborers_in_the_Buchenwald_concentration_camp_near_Jena%2C_many_had_died_from_malnutrition_when_U.S._troo_-_NARA_-_535560.jpg\" alt=\"\"\/><\/a><figcaption class=\"wp-element-caption\">H. Miller:&nbsp;<em>Buchenwald Slave Laborers Liberation<\/em>, 16. April 1945. U.S. Defence Visual Information Center \/ National Archives and Records Administration (NARA), Identifier 535561. Public Domain.  <strong><a href=\"https:\/\/de.wikipedia.org\/wiki\/Datei:Buchenwald_Slave_Laborers_Liberation.jpg\">Mehr erfahren<\/a><\/strong><\/figcaption><\/figure>\n<\/div>\n\n\n\n<div class=\"wp-block-column is-layout-flow wp-block-column-is-layout-flow\">\n<p class=\"alignwide wp-block-paragraph\"><strong>Es sei der Mann links mit dem wei\u00dfen Kopfverband. Ich habe das Archiv der Gedenkst\u00e4tte Buchenwald und den Internationalen Suchdienst des Roten Kreuzes wegen dieser Angaben angeschrieben. Beide Institutionen besitzen keine Unterlagen, die Ilse Wolfs Angaben best\u00e4tigen k\u00f6nnten.&nbsp;<\/strong><\/p>\n\n\n\n<p class=\"alignwide wp-block-paragraph\"><strong>Ich denke, es gibt eine gro\u00dfe \u00c4hnlichkeit von Saly Wolf auf dem Familienfoto mit der Person im Foto aus Buchenwald; allerdings scheint mir die Person aus Buchenwald j\u00fcnger zu sein.&nbsp;<\/strong><\/p>\n\n\n\n<p class=\"alignwide wp-block-paragraph\"><strong>Da die Frage, ob die Person aus Buchenwald wirklich Saly Wolf ist oder nicht, wahrscheinlich nicht mehr zu kl\u00e4ren ist, haben wir uns entschlossen, anstelle eines konkreten Todesorts drei Fragezeichen im Stolperstein anzugeben, wie Gunter Demnig f\u00fcr solche ungel\u00f6sten F\u00e4lle empfiehlt. Fakt ist in jedem Falle, dass er wie seine Frau Amanda durch den Nationalsozialismus ums Leben kam.<\/strong><\/p>\n<\/div>\n<\/div>\n\n\n\n<p class=\"alignwide wp-block-paragraph\"><strong>Was ist mit den drei Kindern passiert? Ilse und Fritz Wolf konnten sich in die USA bzw. nach Israel retten. Und Arnold Wolf?&nbsp;<br><br>Nach dem Besuch der Zwingenberger Volksschule und der Realschule in Heppenheim zog Arnold Wolf im Alter von 14 Jahren in das holl\u00e4ndische Roermond, um dort eine Lehre als Schreiner zu beginnen. Bei seinem Versuch, in die Schweiz zu fl\u00fcchten, wurde er verhaftet \u2013 wir wissen allerdings nicht, wo dies geschah. Aus den Deportationslisten von Auschwitz geht hervor, dass Arno Wolf am 11. Februar 1943 von Drancy aus, einem franz\u00f6sischen Durchgangslager nahe Paris, nach Auschwitz deportiert wurde.&nbsp;<br><br>An die Opfer Amanda, Saly und Arnold Wolf erinnern hier nun diese drei Stolpersteine.<\/strong><\/p>\n\n\n\n<p class=\"has-text-align-center alignwide wp-block-paragraph\"><sup>Zusammengestellt und vorgetragen bei der Stolpersteinverlegung am 03. Juli 2012 von Dr. Fritz Kilthau.<\/sup><\/p>\n\n\n\n<div style=\"height:30px\" aria-hidden=\"true\" class=\"wp-block-spacer\"><\/div>\n\n\n\n<figure class=\"wp-block-pullquote has-white-color has-text-color has-link-color has-small-font-size wp-elements-1\" style=\"border-top-left-radius:87px;border-top-right-radius:87px;border-bottom-left-radius:87px;border-bottom-right-radius:87px\"><blockquote><p>&#8220; <strong>We must do all we can to ensure that our society remains civilized and must aspire to good works and justice in the world.<\/strong>&#8222;<\/p><cite><strong>Michael Ben-Eliezer, <br><\/strong>Sohn von Fritz Wolf, Enkel von Saly und Amanda Wolf <br>und Neffe von Arnold Wolf<\/cite><\/blockquote><\/figure>\n\n\n\n<div class=\"wp-block-buttons is-content-justification-center is-layout-flex wp-container-core-buttons-is-layout-20959078 wp-block-buttons-is-layout-flex\">\n<div class=\"wp-block-button\"><a class=\"wp-block-button__link wp-element-button\" href=\"https:\/\/arbeitskreis-zwingenberger-synagoge.de\/wordpress\/?page_id=75\">Zum Grusswort von Michael Ben Eliezer<\/a><\/div>\n<\/div>\n\n\n\n<div style=\"height:30px\" aria-hidden=\"true\" class=\"wp-block-spacer\"><\/div>\n\n\n\n<p class=\"wp-block-paragraph\"><\/p>\n\n\n\n<figure class=\"wp-block-image alignwide size-full\"><img loading=\"lazy\" decoding=\"async\" width=\"567\" height=\"425\" src=\"https:\/\/arbeitskreis-zwingenberger-synagoge.de\/wordpress\/wp-content\/uploads\/2026\/06\/Stolperstein_Wolf_1038.jpg\" alt=\"\" class=\"wp-image-125\" srcset=\"https:\/\/arbeitskreis-zwingenberger-synagoge.de\/wordpress\/wp-content\/uploads\/2026\/06\/Stolperstein_Wolf_1038.jpg 567w, https:\/\/arbeitskreis-zwingenberger-synagoge.de\/wordpress\/wp-content\/uploads\/2026\/06\/Stolperstein_Wolf_1038-300x225.jpg 300w\" sizes=\"auto, (max-width: 567px) 100vw, 567px\" \/><\/figure>\n\n\n\n<div style=\"height:31px\" aria-hidden=\"true\" class=\"wp-block-spacer\"><\/div>\n\n\n<nav style=\"--separator: &quot;\/&quot;\" class=\"alignfull wp-block-breadcrumbs\" aria-label=\"Navigationspfad\"><ol><li><a href=\"https:\/\/arbeitskreis-zwingenberger-synagoge.de\/wordpress\/\">Start<\/a><\/li><li><a href=\"https:\/\/arbeitskreis-zwingenberger-synagoge.de\/wordpress\/stolpersteine_stolperschwelle\/\">Stolpersteine und Stolperschwelle<\/a><\/li><li><span aria-current=\"page\">Familie Wolf<\/span><\/li><\/ol><\/nav>","protected":false},"excerpt":{"rendered":"<p>Saly, Amanda und Arnold Wolf&nbsp; Ich m\u00f6chte Ihnen nun gerne von der Familie Wolf erz\u00e4hlen, die Sie hier auf einem Foto sehen k\u00f6nnen und die hier in diesem Haus Marktplatz 12 wohnten.&nbsp; Der Vater Saly Wolf \u2013 links auf dem Bild zu sehen &#8211; wurde 1886 in Ober-Klingen geboren. Ober-Klingen geh\u00f6rt heute zur Gemeinde Otzberg [&hellip;]<\/p>\n","protected":false},"author":1,"featured_media":58,"parent":23,"menu_order":0,"comment_status":"closed","ping_status":"closed","template":"","meta":{"footnotes":""},"class_list":["post-59","page","type-page","status-publish","has-post-thumbnail","hentry"],"yoast_head":"<!-- This site is optimized with the Yoast SEO plugin v28.4 - https:\/\/yoast.com\/product\/yoast-seo-wordpress\/ -->\n<title>Familie Wolf - Arbeitskreis Zwingenberger Synagoge e.V.<\/title>\n<meta name=\"robots\" content=\"index, follow, max-snippet:-1, max-image-preview:large, max-video-preview:-1\" \/>\n<link rel=\"canonical\" href=\"https:\/\/arbeitskreis-zwingenberger-synagoge.de\/wordpress\/stolpersteine_stolperschwelle\/familie-wolf\/\" \/>\n<meta property=\"og:locale\" content=\"de_DE\" \/>\n<meta property=\"og:type\" content=\"article\" \/>\n<meta property=\"og:title\" content=\"Familie Wolf - Arbeitskreis Zwingenberger Synagoge e.V.\" \/>\n<meta property=\"og:description\" content=\"Saly, Amanda und Arnold Wolf&nbsp; Ich m\u00f6chte Ihnen nun gerne von der Familie Wolf erz\u00e4hlen, die Sie hier auf einem Foto sehen k\u00f6nnen und die hier in diesem Haus Marktplatz 12 wohnten.&nbsp; Der Vater Saly Wolf \u2013 links auf dem Bild zu sehen &#8211; wurde 1886 in Ober-Klingen geboren. Ober-Klingen geh\u00f6rt heute zur Gemeinde Otzberg [&hellip;]\" \/>\n<meta property=\"og:url\" content=\"https:\/\/arbeitskreis-zwingenberger-synagoge.de\/wordpress\/stolpersteine_stolperschwelle\/familie-wolf\/\" \/>\n<meta property=\"og:site_name\" content=\"Arbeitskreis Zwingenberger Synagoge e.V.\" \/>\n<meta property=\"article:modified_time\" content=\"2026-08-29T19:50:52+00:00\" \/>\n<meta property=\"og:image\" content=\"https:\/\/arbeitskreis-zwingenberger-synagoge.de\/wordpress\/wp-content\/uploads\/2026\/06\/wolfmarktplatzwebsite_1038.jpg\" \/>\n\t<meta property=\"og:image:width\" content=\"756\" \/>\n\t<meta property=\"og:image:height\" content=\"531\" \/>\n\t<meta property=\"og:image:type\" content=\"image\/jpeg\" \/>\n<meta name=\"twitter:card\" content=\"summary_large_image\" \/>\n<meta name=\"twitter:label1\" content=\"Gesch\u00e4tzte Lesezeit\" \/>\n\t<meta name=\"twitter:data1\" content=\"5\u00a0Minuten\" \/>\n<script type=\"application\/ld+json\" class=\"yoast-schema-graph\">{\"@context\":\"https:\\\/\\\/schema.org\",\"@graph\":[{\"@type\":\"WebPage\",\"@id\":\"https:\\\/\\\/arbeitskreis-zwingenberger-synagoge.de\\\/wordpress\\\/stolpersteine_stolperschwelle\\\/familie-wolf\\\/\",\"url\":\"https:\\\/\\\/arbeitskreis-zwingenberger-synagoge.de\\\/wordpress\\\/stolpersteine_stolperschwelle\\\/familie-wolf\\\/\",\"name\":\"Familie Wolf - Arbeitskreis Zwingenberger Synagoge e.V.\",\"isPartOf\":{\"@id\":\"https:\\\/\\\/arbeitskreis-zwingenberger-synagoge.de\\\/wordpress\\\/#website\"},\"primaryImageOfPage\":{\"@id\":\"https:\\\/\\\/arbeitskreis-zwingenberger-synagoge.de\\\/wordpress\\\/stolpersteine_stolperschwelle\\\/familie-wolf\\\/#primaryimage\"},\"image\":{\"@id\":\"https:\\\/\\\/arbeitskreis-zwingenberger-synagoge.de\\\/wordpress\\\/stolpersteine_stolperschwelle\\\/familie-wolf\\\/#primaryimage\"},\"thumbnailUrl\":\"https:\\\/\\\/arbeitskreis-zwingenberger-synagoge.de\\\/wordpress\\\/wp-content\\\/uploads\\\/2026\\\/06\\\/wolfmarktplatzwebsite_1038.jpg\",\"datePublished\":\"2026-06-09T17:37:56+00:00\",\"dateModified\":\"2026-08-29T19:50:52+00:00\",\"breadcrumb\":{\"@id\":\"https:\\\/\\\/arbeitskreis-zwingenberger-synagoge.de\\\/wordpress\\\/stolpersteine_stolperschwelle\\\/familie-wolf\\\/#breadcrumb\"},\"inLanguage\":\"de\",\"potentialAction\":[{\"@type\":\"ReadAction\",\"target\":[\"https:\\\/\\\/arbeitskreis-zwingenberger-synagoge.de\\\/wordpress\\\/stolpersteine_stolperschwelle\\\/familie-wolf\\\/\"]}]},{\"@type\":\"ImageObject\",\"inLanguage\":\"de\",\"@id\":\"https:\\\/\\\/arbeitskreis-zwingenberger-synagoge.de\\\/wordpress\\\/stolpersteine_stolperschwelle\\\/familie-wolf\\\/#primaryimage\",\"url\":\"https:\\\/\\\/arbeitskreis-zwingenberger-synagoge.de\\\/wordpress\\\/wp-content\\\/uploads\\\/2026\\\/06\\\/wolfmarktplatzwebsite_1038.jpg\",\"contentUrl\":\"https:\\\/\\\/arbeitskreis-zwingenberger-synagoge.de\\\/wordpress\\\/wp-content\\\/uploads\\\/2026\\\/06\\\/wolfmarktplatzwebsite_1038.jpg\",\"width\":756,\"height\":531,\"caption\":\"Saly, Ilse, Arnold, Fritz und Amanda Wolf\"},{\"@type\":\"BreadcrumbList\",\"@id\":\"https:\\\/\\\/arbeitskreis-zwingenberger-synagoge.de\\\/wordpress\\\/stolpersteine_stolperschwelle\\\/familie-wolf\\\/#breadcrumb\",\"itemListElement\":[{\"@type\":\"ListItem\",\"position\":1,\"name\":\"Start\",\"item\":\"https:\\\/\\\/arbeitskreis-zwingenberger-synagoge.de\\\/wordpress\\\/\"},{\"@type\":\"ListItem\",\"position\":2,\"name\":\"Stolpersteine und Stolperschwelle\",\"item\":\"https:\\\/\\\/arbeitskreis-zwingenberger-synagoge.de\\\/wordpress\\\/stolpersteine_stolperschwelle\\\/\"},{\"@type\":\"ListItem\",\"position\":3,\"name\":\"Familie Wolf\"}]},{\"@type\":\"WebSite\",\"@id\":\"https:\\\/\\\/arbeitskreis-zwingenberger-synagoge.de\\\/wordpress\\\/#website\",\"url\":\"https:\\\/\\\/arbeitskreis-zwingenberger-synagoge.de\\\/wordpress\\\/\",\"name\":\"Arbeitskreis Zwingenberger Synagoge e.V.\",\"description\":\"\",\"publisher\":{\"@id\":\"https:\\\/\\\/arbeitskreis-zwingenberger-synagoge.de\\\/wordpress\\\/#organization\"},\"potentialAction\":[{\"@type\":\"SearchAction\",\"target\":{\"@type\":\"EntryPoint\",\"urlTemplate\":\"https:\\\/\\\/arbeitskreis-zwingenberger-synagoge.de\\\/wordpress\\\/?s={search_term_string}\"},\"query-input\":{\"@type\":\"PropertyValueSpecification\",\"valueRequired\":true,\"valueName\":\"search_term_string\"}}],\"inLanguage\":\"de\"},{\"@type\":\"Organization\",\"@id\":\"https:\\\/\\\/arbeitskreis-zwingenberger-synagoge.de\\\/wordpress\\\/#organization\",\"name\":\"Arbeitskreis Zwingenberger Synagoge e.V.\",\"url\":\"https:\\\/\\\/arbeitskreis-zwingenberger-synagoge.de\\\/wordpress\\\/\",\"logo\":{\"@type\":\"ImageObject\",\"inLanguage\":\"de\",\"@id\":\"https:\\\/\\\/arbeitskreis-zwingenberger-synagoge.de\\\/wordpress\\\/#\\\/schema\\\/logo\\\/image\\\/\",\"url\":\"https:\\\/\\\/arbeitskreis-zwingenberger-synagoge.de\\\/wordpress\\\/wp-content\\\/uploads\\\/2026\\\/06\\\/cropped-Wordpress_Icon.png\",\"contentUrl\":\"https:\\\/\\\/arbeitskreis-zwingenberger-synagoge.de\\\/wordpress\\\/wp-content\\\/uploads\\\/2026\\\/06\\\/cropped-Wordpress_Icon.png\",\"width\":512,\"height\":512,\"caption\":\"Arbeitskreis Zwingenberger Synagoge e.V.\"},\"image\":{\"@id\":\"https:\\\/\\\/arbeitskreis-zwingenberger-synagoge.de\\\/wordpress\\\/#\\\/schema\\\/logo\\\/image\\\/\"}}]}<\/script>\n<!-- \/ Yoast SEO plugin. -->","yoast_head_json":{"title":"Familie Wolf - Arbeitskreis Zwingenberger Synagoge e.V.","robots":{"index":"index","follow":"follow","max-snippet":"max-snippet:-1","max-image-preview":"max-image-preview:large","max-video-preview":"max-video-preview:-1"},"canonical":"https:\/\/arbeitskreis-zwingenberger-synagoge.de\/wordpress\/stolpersteine_stolperschwelle\/familie-wolf\/","og_locale":"de_DE","og_type":"article","og_title":"Familie Wolf - Arbeitskreis Zwingenberger Synagoge e.V.","og_description":"Saly, Amanda und Arnold Wolf&nbsp; Ich m\u00f6chte Ihnen nun gerne von der Familie Wolf erz\u00e4hlen, die Sie hier auf einem Foto sehen k\u00f6nnen und die hier in diesem Haus Marktplatz 12 wohnten.&nbsp; Der Vater Saly Wolf \u2013 links auf dem Bild zu sehen &#8211; wurde 1886 in Ober-Klingen geboren. Ober-Klingen geh\u00f6rt heute zur Gemeinde Otzberg [&hellip;]","og_url":"https:\/\/arbeitskreis-zwingenberger-synagoge.de\/wordpress\/stolpersteine_stolperschwelle\/familie-wolf\/","og_site_name":"Arbeitskreis Zwingenberger Synagoge e.V.","article_modified_time":"2026-08-29T19:50:52+00:00","og_image":[{"width":756,"height":531,"url":"https:\/\/arbeitskreis-zwingenberger-synagoge.de\/wordpress\/wp-content\/uploads\/2026\/06\/wolfmarktplatzwebsite_1038.jpg","type":"image\/jpeg"}],"twitter_card":"summary_large_image","twitter_misc":{"Gesch\u00e4tzte Lesezeit":"5\u00a0Minuten"},"schema":{"@context":"https:\/\/schema.org","@graph":[{"@type":"WebPage","@id":"https:\/\/arbeitskreis-zwingenberger-synagoge.de\/wordpress\/stolpersteine_stolperschwelle\/familie-wolf\/","url":"https:\/\/arbeitskreis-zwingenberger-synagoge.de\/wordpress\/stolpersteine_stolperschwelle\/familie-wolf\/","name":"Familie Wolf - Arbeitskreis Zwingenberger Synagoge e.V.","isPartOf":{"@id":"https:\/\/arbeitskreis-zwingenberger-synagoge.de\/wordpress\/#website"},"primaryImageOfPage":{"@id":"https:\/\/arbeitskreis-zwingenberger-synagoge.de\/wordpress\/stolpersteine_stolperschwelle\/familie-wolf\/#primaryimage"},"image":{"@id":"https:\/\/arbeitskreis-zwingenberger-synagoge.de\/wordpress\/stolpersteine_stolperschwelle\/familie-wolf\/#primaryimage"},"thumbnailUrl":"https:\/\/arbeitskreis-zwingenberger-synagoge.de\/wordpress\/wp-content\/uploads\/2026\/06\/wolfmarktplatzwebsite_1038.jpg","datePublished":"2026-06-09T17:37:56+00:00","dateModified":"2026-08-29T19:50:52+00:00","breadcrumb":{"@id":"https:\/\/arbeitskreis-zwingenberger-synagoge.de\/wordpress\/stolpersteine_stolperschwelle\/familie-wolf\/#breadcrumb"},"inLanguage":"de","potentialAction":[{"@type":"ReadAction","target":["https:\/\/arbeitskreis-zwingenberger-synagoge.de\/wordpress\/stolpersteine_stolperschwelle\/familie-wolf\/"]}]},{"@type":"ImageObject","inLanguage":"de","@id":"https:\/\/arbeitskreis-zwingenberger-synagoge.de\/wordpress\/stolpersteine_stolperschwelle\/familie-wolf\/#primaryimage","url":"https:\/\/arbeitskreis-zwingenberger-synagoge.de\/wordpress\/wp-content\/uploads\/2026\/06\/wolfmarktplatzwebsite_1038.jpg","contentUrl":"https:\/\/arbeitskreis-zwingenberger-synagoge.de\/wordpress\/wp-content\/uploads\/2026\/06\/wolfmarktplatzwebsite_1038.jpg","width":756,"height":531,"caption":"Saly, Ilse, Arnold, Fritz und Amanda Wolf"},{"@type":"BreadcrumbList","@id":"https:\/\/arbeitskreis-zwingenberger-synagoge.de\/wordpress\/stolpersteine_stolperschwelle\/familie-wolf\/#breadcrumb","itemListElement":[{"@type":"ListItem","position":1,"name":"Start","item":"https:\/\/arbeitskreis-zwingenberger-synagoge.de\/wordpress\/"},{"@type":"ListItem","position":2,"name":"Stolpersteine und Stolperschwelle","item":"https:\/\/arbeitskreis-zwingenberger-synagoge.de\/wordpress\/stolpersteine_stolperschwelle\/"},{"@type":"ListItem","position":3,"name":"Familie Wolf"}]},{"@type":"WebSite","@id":"https:\/\/arbeitskreis-zwingenberger-synagoge.de\/wordpress\/#website","url":"https:\/\/arbeitskreis-zwingenberger-synagoge.de\/wordpress\/","name":"Arbeitskreis Zwingenberger Synagoge e.V.","description":"","publisher":{"@id":"https:\/\/arbeitskreis-zwingenberger-synagoge.de\/wordpress\/#organization"},"potentialAction":[{"@type":"SearchAction","target":{"@type":"EntryPoint","urlTemplate":"https:\/\/arbeitskreis-zwingenberger-synagoge.de\/wordpress\/?s={search_term_string}"},"query-input":{"@type":"PropertyValueSpecification","valueRequired":true,"valueName":"search_term_string"}}],"inLanguage":"de"},{"@type":"Organization","@id":"https:\/\/arbeitskreis-zwingenberger-synagoge.de\/wordpress\/#organization","name":"Arbeitskreis Zwingenberger Synagoge e.V.","url":"https:\/\/arbeitskreis-zwingenberger-synagoge.de\/wordpress\/","logo":{"@type":"ImageObject","inLanguage":"de","@id":"https:\/\/arbeitskreis-zwingenberger-synagoge.de\/wordpress\/#\/schema\/logo\/image\/","url":"https:\/\/arbeitskreis-zwingenberger-synagoge.de\/wordpress\/wp-content\/uploads\/2026\/06\/cropped-Wordpress_Icon.png","contentUrl":"https:\/\/arbeitskreis-zwingenberger-synagoge.de\/wordpress\/wp-content\/uploads\/2026\/06\/cropped-Wordpress_Icon.png","width":512,"height":512,"caption":"Arbeitskreis Zwingenberger Synagoge e.V."},"image":{"@id":"https:\/\/arbeitskreis-zwingenberger-synagoge.de\/wordpress\/#\/schema\/logo\/image\/"}}]}},"_links":{"self":[{"href":"https:\/\/arbeitskreis-zwingenberger-synagoge.de\/wordpress\/wp-json\/wp\/v2\/pages\/59","targetHints":{"allow":["GET"]}}],"collection":[{"href":"https:\/\/arbeitskreis-zwingenberger-synagoge.de\/wordpress\/wp-json\/wp\/v2\/pages"}],"about":[{"href":"https:\/\/arbeitskreis-zwingenberger-synagoge.de\/wordpress\/wp-json\/wp\/v2\/types\/page"}],"author":[{"embeddable":true,"href":"https:\/\/arbeitskreis-zwingenberger-synagoge.de\/wordpress\/wp-json\/wp\/v2\/users\/1"}],"replies":[{"embeddable":true,"href":"https:\/\/arbeitskreis-zwingenberger-synagoge.de\/wordpress\/wp-json\/wp\/v2\/comments?post=59"}],"version-history":[{"count":15,"href":"https:\/\/arbeitskreis-zwingenberger-synagoge.de\/wordpress\/wp-json\/wp\/v2\/pages\/59\/revisions"}],"predecessor-version":[{"id":402,"href":"https:\/\/arbeitskreis-zwingenberger-synagoge.de\/wordpress\/wp-json\/wp\/v2\/pages\/59\/revisions\/402"}],"up":[{"embeddable":true,"href":"https:\/\/arbeitskreis-zwingenberger-synagoge.de\/wordpress\/wp-json\/wp\/v2\/pages\/23"}],"wp:featuredmedia":[{"embeddable":true,"href":"https:\/\/arbeitskreis-zwingenberger-synagoge.de\/wordpress\/wp-json\/wp\/v2\/media\/58"}],"wp:attachment":[{"href":"https:\/\/arbeitskreis-zwingenberger-synagoge.de\/wordpress\/wp-json\/wp\/v2\/media?parent=59"}],"curies":[{"name":"wp","href":"https:\/\/api.w.org\/{rel}","templated":true}]}}