{"id":267,"date":"2026-08-21T21:28:19","date_gmt":"2026-08-21T19:28:19","guid":{"rendered":"https:\/\/arbeitskreis-zwingenberger-synagoge.de\/wordpress\/?page_id=267"},"modified":"2026-08-21T23:07:20","modified_gmt":"2026-08-21T21:07:20","slug":"clara-und-jakob-wolf","status":"publish","type":"page","link":"https:\/\/arbeitskreis-zwingenberger-synagoge.de\/wordpress\/stolpersteine_stolperschwelle\/clara-und-jakob-wolf\/","title":{"rendered":"Clara und Jakob Wolf"},"content":{"rendered":"\n<p class=\"alignwide wp-block-paragraph\"><strong>Clara und Jakob Wolf betrieben seit Oktober 1932 in der Obergasse 5 ein Manufakturwaren-Gesch\u00e4ft. Clara Wolf war am 22. Juni 1888 als Clara Rothensies in Zwingenberg geboren; ihr Mann Jakob stammte aus D\u00f6rrmoschel in der Pfalz (geb. 1. April 1889).&nbsp;<\/strong><\/p>\n\n\n\n<p class=\"alignwide wp-block-paragraph\"><strong>In der Reichspogromnacht im November 1938 brachen SS-Leute in ihr Gesch\u00e4ft ein und demolierten zun\u00e4chst die Ladeneinrichtung im vorderen Teil des Hauses, dann drangen sie in die Wohnung der Familie Wolf ein und verw\u00fcsteten dort die Einrichtung, Fensterscheiben wurden zerschmettert. Die Eheleute Wolf mussten das von der Stra\u00dfe aus mit ansehen.&nbsp;<\/strong><br><strong><br>Die Wolfs wurden schon am 15.November 1938 ins KZ Dachau eingeliefert, am 21. Dezember kamen sie wieder frei.&nbsp;Sie beschlossen, Deutschland zu verlassen. Am 30.Dezember stellten sie einen Antrag auf Passausstellung bei der Zwingenberger B\u00fcrgermeisterei. Sie wollten nach Paraguay auswandern.&nbsp;<\/strong><br><strong><br>Am 3. Februar 1939 verzogen die beiden nach Frankfurt. Zun\u00e4chst wohnten sie in der Elkenbachstr. 22, sp\u00e4ter in der Rotteckstr. 3 II.&nbsp;<\/strong><\/p>\n\n\n\n<p class=\"alignwide wp-block-paragraph\"><strong>Am 24. September 1942 wurden sie zusammen mit 233 weiteren Juden aus Frankfurt \u00fcber Berlin nach Raasiku (Estland) bei Tallin deportiert und wahrscheinlich dort ermordet.<\/strong><\/p>\n\n\n\n<figure class=\"wp-block-image size-full is-resized\"><img loading=\"lazy\" decoding=\"async\" width=\"567\" height=\"425\" src=\"https:\/\/arbeitskreis-zwingenberger-synagoge.de\/wordpress\/wp-content\/uploads\/2026\/08\/Stolperstein_JC_Wolf_1038.jpg\" alt=\"\" class=\"wp-image-271\" style=\"aspect-ratio:1.3341402730145921;width:620px;height:auto\" srcset=\"https:\/\/arbeitskreis-zwingenberger-synagoge.de\/wordpress\/wp-content\/uploads\/2026\/08\/Stolperstein_JC_Wolf_1038.jpg 567w, https:\/\/arbeitskreis-zwingenberger-synagoge.de\/wordpress\/wp-content\/uploads\/2026\/08\/Stolperstein_JC_Wolf_1038-300x225.jpg 300w\" sizes=\"auto, (max-width: 567px) 100vw, 567px\" \/><\/figure>\n\n\n\n<p class=\"has-text-align-center alignwide wp-block-paragraph\"><sup>Zusammengestellt und vorgetragen bei der Stolpersteinverlegung von Katharina Ziemann.<\/sup><\/p>\n\n\n\n<div class=\"wp-block-group alignfull has-global-padding is-layout-constrained wp-block-group-is-layout-constrained\">\n<div style=\"height:70px\" aria-hidden=\"true\" class=\"wp-block-spacer\"><\/div>\n\n\n<nav style=\"--separator: &quot;\/&quot;\" class=\"alignfull wp-block-breadcrumbs\" aria-label=\"Navigationspfad\"><ol><li><a href=\"https:\/\/arbeitskreis-zwingenberger-synagoge.de\/wordpress\/\">Start<\/a><\/li><li><a href=\"https:\/\/arbeitskreis-zwingenberger-synagoge.de\/wordpress\/stolpersteine_stolperschwelle\/\">Stolpersteine und Stolperschwelle<\/a><\/li><li><span aria-current=\"page\">Clara und Jakob Wolf<\/span><\/li><\/ol><\/nav><\/div>\n","protected":false},"excerpt":{"rendered":"<p>Clara und Jakob Wolf betrieben seit Oktober 1932 in der Obergasse 5 ein Manufakturwaren-Gesch\u00e4ft. Clara Wolf war am 22. Juni 1888 als Clara Rothensies in Zwingenberg geboren; ihr Mann Jakob stammte aus D\u00f6rrmoschel in der Pfalz (geb. 1. April 1889).&nbsp; In der Reichspogromnacht im November 1938 brachen SS-Leute in ihr Gesch\u00e4ft ein und demolierten zun\u00e4chst [&hellip;]<\/p>\n","protected":false},"author":1,"featured_media":264,"parent":23,"menu_order":0,"comment_status":"closed","ping_status":"closed","template":"","meta":{"footnotes":""},"class_list":["post-267","page","type-page","status-publish","has-post-thumbnail","hentry"],"yoast_head":"<!-- This site is optimized with the Yoast SEO plugin v28.4 - https:\/\/yoast.com\/product\/yoast-seo-wordpress\/ -->\n<title>Clara und Jakob Wolf - Arbeitskreis Zwingenberger Synagoge e.V.<\/title>\n<meta name=\"robots\" content=\"index, follow, max-snippet:-1, max-image-preview:large, max-video-preview:-1\" \/>\n<link rel=\"canonical\" href=\"https:\/\/arbeitskreis-zwingenberger-synagoge.de\/wordpress\/stolpersteine_stolperschwelle\/clara-und-jakob-wolf\/\" \/>\n<meta property=\"og:locale\" content=\"de_DE\" \/>\n<meta property=\"og:type\" content=\"article\" \/>\n<meta property=\"og:title\" content=\"Clara und Jakob Wolf - Arbeitskreis Zwingenberger Synagoge e.V.\" \/>\n<meta property=\"og:description\" content=\"Clara und Jakob Wolf betrieben seit Oktober 1932 in der Obergasse 5 ein Manufakturwaren-Gesch\u00e4ft. Clara Wolf war am 22. Juni 1888 als Clara Rothensies in Zwingenberg geboren; ihr Mann Jakob stammte aus D\u00f6rrmoschel in der Pfalz (geb. 1. April 1889).&nbsp; In der Reichspogromnacht im November 1938 brachen SS-Leute in ihr Gesch\u00e4ft ein und demolierten zun\u00e4chst [&hellip;]\" \/>\n<meta property=\"og:url\" content=\"https:\/\/arbeitskreis-zwingenberger-synagoge.de\/wordpress\/stolpersteine_stolperschwelle\/clara-und-jakob-wolf\/\" \/>\n<meta property=\"og:site_name\" content=\"Arbeitskreis Zwingenberger Synagoge e.V.\" \/>\n<meta property=\"article:modified_time\" content=\"2026-08-21T21:07:20+00:00\" \/>\n<meta property=\"og:image\" content=\"https:\/\/arbeitskreis-zwingenberger-synagoge.de\/wordpress\/wp-content\/uploads\/2026\/08\/ehepaarwolfwebsite_1038.jpg\" \/>\n\t<meta property=\"og:image:width\" content=\"567\" \/>\n\t<meta property=\"og:image:height\" content=\"399\" \/>\n\t<meta property=\"og:image:type\" content=\"image\/jpeg\" \/>\n<meta name=\"twitter:card\" content=\"summary_large_image\" \/>\n<meta name=\"twitter:label1\" content=\"Gesch\u00e4tzte Lesezeit\" \/>\n\t<meta name=\"twitter:data1\" content=\"2\u00a0Minuten\" \/>\n<script type=\"application\/ld+json\" class=\"yoast-schema-graph\">{\"@context\":\"https:\\\/\\\/schema.org\",\"@graph\":[{\"@type\":\"WebPage\",\"@id\":\"https:\\\/\\\/arbeitskreis-zwingenberger-synagoge.de\\\/wordpress\\\/stolpersteine_stolperschwelle\\\/clara-und-jakob-wolf\\\/\",\"url\":\"https:\\\/\\\/arbeitskreis-zwingenberger-synagoge.de\\\/wordpress\\\/stolpersteine_stolperschwelle\\\/clara-und-jakob-wolf\\\/\",\"name\":\"Clara und Jakob Wolf - Arbeitskreis Zwingenberger Synagoge e.V.\",\"isPartOf\":{\"@id\":\"https:\\\/\\\/arbeitskreis-zwingenberger-synagoge.de\\\/wordpress\\\/#website\"},\"primaryImageOfPage\":{\"@id\":\"https:\\\/\\\/arbeitskreis-zwingenberger-synagoge.de\\\/wordpress\\\/stolpersteine_stolperschwelle\\\/clara-und-jakob-wolf\\\/#primaryimage\"},\"image\":{\"@id\":\"https:\\\/\\\/arbeitskreis-zwingenberger-synagoge.de\\\/wordpress\\\/stolpersteine_stolperschwelle\\\/clara-und-jakob-wolf\\\/#primaryimage\"},\"thumbnailUrl\":\"https:\\\/\\\/arbeitskreis-zwingenberger-synagoge.de\\\/wordpress\\\/wp-content\\\/uploads\\\/2026\\\/08\\\/ehepaarwolfwebsite_1038.jpg\",\"datePublished\":\"2026-08-21T19:28:19+00:00\",\"dateModified\":\"2026-08-21T21:07:20+00:00\",\"breadcrumb\":{\"@id\":\"https:\\\/\\\/arbeitskreis-zwingenberger-synagoge.de\\\/wordpress\\\/stolpersteine_stolperschwelle\\\/clara-und-jakob-wolf\\\/#breadcrumb\"},\"inLanguage\":\"de\",\"potentialAction\":[{\"@type\":\"ReadAction\",\"target\":[\"https:\\\/\\\/arbeitskreis-zwingenberger-synagoge.de\\\/wordpress\\\/stolpersteine_stolperschwelle\\\/clara-und-jakob-wolf\\\/\"]}]},{\"@type\":\"ImageObject\",\"inLanguage\":\"de\",\"@id\":\"https:\\\/\\\/arbeitskreis-zwingenberger-synagoge.de\\\/wordpress\\\/stolpersteine_stolperschwelle\\\/clara-und-jakob-wolf\\\/#primaryimage\",\"url\":\"https:\\\/\\\/arbeitskreis-zwingenberger-synagoge.de\\\/wordpress\\\/wp-content\\\/uploads\\\/2026\\\/08\\\/ehepaarwolfwebsite_1038.jpg\",\"contentUrl\":\"https:\\\/\\\/arbeitskreis-zwingenberger-synagoge.de\\\/wordpress\\\/wp-content\\\/uploads\\\/2026\\\/08\\\/ehepaarwolfwebsite_1038.jpg\",\"width\":567,\"height\":399},{\"@type\":\"BreadcrumbList\",\"@id\":\"https:\\\/\\\/arbeitskreis-zwingenberger-synagoge.de\\\/wordpress\\\/stolpersteine_stolperschwelle\\\/clara-und-jakob-wolf\\\/#breadcrumb\",\"itemListElement\":[{\"@type\":\"ListItem\",\"position\":1,\"name\":\"Start\",\"item\":\"https:\\\/\\\/arbeitskreis-zwingenberger-synagoge.de\\\/wordpress\\\/\"},{\"@type\":\"ListItem\",\"position\":2,\"name\":\"Stolpersteine und Stolperschwelle\",\"item\":\"https:\\\/\\\/arbeitskreis-zwingenberger-synagoge.de\\\/wordpress\\\/stolpersteine_stolperschwelle\\\/\"},{\"@type\":\"ListItem\",\"position\":3,\"name\":\"Clara und Jakob Wolf\"}]},{\"@type\":\"WebSite\",\"@id\":\"https:\\\/\\\/arbeitskreis-zwingenberger-synagoge.de\\\/wordpress\\\/#website\",\"url\":\"https:\\\/\\\/arbeitskreis-zwingenberger-synagoge.de\\\/wordpress\\\/\",\"name\":\"Arbeitskreis Zwingenberger Synagoge e.V.\",\"description\":\"\",\"publisher\":{\"@id\":\"https:\\\/\\\/arbeitskreis-zwingenberger-synagoge.de\\\/wordpress\\\/#organization\"},\"potentialAction\":[{\"@type\":\"SearchAction\",\"target\":{\"@type\":\"EntryPoint\",\"urlTemplate\":\"https:\\\/\\\/arbeitskreis-zwingenberger-synagoge.de\\\/wordpress\\\/?s={search_term_string}\"},\"query-input\":{\"@type\":\"PropertyValueSpecification\",\"valueRequired\":true,\"valueName\":\"search_term_string\"}}],\"inLanguage\":\"de\"},{\"@type\":\"Organization\",\"@id\":\"https:\\\/\\\/arbeitskreis-zwingenberger-synagoge.de\\\/wordpress\\\/#organization\",\"name\":\"Arbeitskreis Zwingenberger Synagoge e.V.\",\"url\":\"https:\\\/\\\/arbeitskreis-zwingenberger-synagoge.de\\\/wordpress\\\/\",\"logo\":{\"@type\":\"ImageObject\",\"inLanguage\":\"de\",\"@id\":\"https:\\\/\\\/arbeitskreis-zwingenberger-synagoge.de\\\/wordpress\\\/#\\\/schema\\\/logo\\\/image\\\/\",\"url\":\"https:\\\/\\\/arbeitskreis-zwingenberger-synagoge.de\\\/wordpress\\\/wp-content\\\/uploads\\\/2026\\\/06\\\/cropped-Wordpress_Icon.png\",\"contentUrl\":\"https:\\\/\\\/arbeitskreis-zwingenberger-synagoge.de\\\/wordpress\\\/wp-content\\\/uploads\\\/2026\\\/06\\\/cropped-Wordpress_Icon.png\",\"width\":512,\"height\":512,\"caption\":\"Arbeitskreis Zwingenberger Synagoge e.V.\"},\"image\":{\"@id\":\"https:\\\/\\\/arbeitskreis-zwingenberger-synagoge.de\\\/wordpress\\\/#\\\/schema\\\/logo\\\/image\\\/\"}}]}<\/script>\n<!-- \/ Yoast SEO plugin. -->","yoast_head_json":{"title":"Clara und Jakob Wolf - Arbeitskreis Zwingenberger Synagoge e.V.","robots":{"index":"index","follow":"follow","max-snippet":"max-snippet:-1","max-image-preview":"max-image-preview:large","max-video-preview":"max-video-preview:-1"},"canonical":"https:\/\/arbeitskreis-zwingenberger-synagoge.de\/wordpress\/stolpersteine_stolperschwelle\/clara-und-jakob-wolf\/","og_locale":"de_DE","og_type":"article","og_title":"Clara und Jakob Wolf - Arbeitskreis Zwingenberger Synagoge e.V.","og_description":"Clara und Jakob Wolf betrieben seit Oktober 1932 in der Obergasse 5 ein Manufakturwaren-Gesch\u00e4ft. Clara Wolf war am 22. Juni 1888 als Clara Rothensies in Zwingenberg geboren; ihr Mann Jakob stammte aus D\u00f6rrmoschel in der Pfalz (geb. 1. April 1889).&nbsp; In der Reichspogromnacht im November 1938 brachen SS-Leute in ihr Gesch\u00e4ft ein und demolierten zun\u00e4chst [&hellip;]","og_url":"https:\/\/arbeitskreis-zwingenberger-synagoge.de\/wordpress\/stolpersteine_stolperschwelle\/clara-und-jakob-wolf\/","og_site_name":"Arbeitskreis Zwingenberger Synagoge e.V.","article_modified_time":"2026-08-21T21:07:20+00:00","og_image":[{"width":567,"height":399,"url":"https:\/\/arbeitskreis-zwingenberger-synagoge.de\/wordpress\/wp-content\/uploads\/2026\/08\/ehepaarwolfwebsite_1038.jpg","type":"image\/jpeg"}],"twitter_card":"summary_large_image","twitter_misc":{"Gesch\u00e4tzte Lesezeit":"2\u00a0Minuten"},"schema":{"@context":"https:\/\/schema.org","@graph":[{"@type":"WebPage","@id":"https:\/\/arbeitskreis-zwingenberger-synagoge.de\/wordpress\/stolpersteine_stolperschwelle\/clara-und-jakob-wolf\/","url":"https:\/\/arbeitskreis-zwingenberger-synagoge.de\/wordpress\/stolpersteine_stolperschwelle\/clara-und-jakob-wolf\/","name":"Clara und Jakob Wolf - Arbeitskreis Zwingenberger Synagoge e.V.","isPartOf":{"@id":"https:\/\/arbeitskreis-zwingenberger-synagoge.de\/wordpress\/#website"},"primaryImageOfPage":{"@id":"https:\/\/arbeitskreis-zwingenberger-synagoge.de\/wordpress\/stolpersteine_stolperschwelle\/clara-und-jakob-wolf\/#primaryimage"},"image":{"@id":"https:\/\/arbeitskreis-zwingenberger-synagoge.de\/wordpress\/stolpersteine_stolperschwelle\/clara-und-jakob-wolf\/#primaryimage"},"thumbnailUrl":"https:\/\/arbeitskreis-zwingenberger-synagoge.de\/wordpress\/wp-content\/uploads\/2026\/08\/ehepaarwolfwebsite_1038.jpg","datePublished":"2026-08-21T19:28:19+00:00","dateModified":"2026-08-21T21:07:20+00:00","breadcrumb":{"@id":"https:\/\/arbeitskreis-zwingenberger-synagoge.de\/wordpress\/stolpersteine_stolperschwelle\/clara-und-jakob-wolf\/#breadcrumb"},"inLanguage":"de","potentialAction":[{"@type":"ReadAction","target":["https:\/\/arbeitskreis-zwingenberger-synagoge.de\/wordpress\/stolpersteine_stolperschwelle\/clara-und-jakob-wolf\/"]}]},{"@type":"ImageObject","inLanguage":"de","@id":"https:\/\/arbeitskreis-zwingenberger-synagoge.de\/wordpress\/stolpersteine_stolperschwelle\/clara-und-jakob-wolf\/#primaryimage","url":"https:\/\/arbeitskreis-zwingenberger-synagoge.de\/wordpress\/wp-content\/uploads\/2026\/08\/ehepaarwolfwebsite_1038.jpg","contentUrl":"https:\/\/arbeitskreis-zwingenberger-synagoge.de\/wordpress\/wp-content\/uploads\/2026\/08\/ehepaarwolfwebsite_1038.jpg","width":567,"height":399},{"@type":"BreadcrumbList","@id":"https:\/\/arbeitskreis-zwingenberger-synagoge.de\/wordpress\/stolpersteine_stolperschwelle\/clara-und-jakob-wolf\/#breadcrumb","itemListElement":[{"@type":"ListItem","position":1,"name":"Start","item":"https:\/\/arbeitskreis-zwingenberger-synagoge.de\/wordpress\/"},{"@type":"ListItem","position":2,"name":"Stolpersteine und Stolperschwelle","item":"https:\/\/arbeitskreis-zwingenberger-synagoge.de\/wordpress\/stolpersteine_stolperschwelle\/"},{"@type":"ListItem","position":3,"name":"Clara und Jakob Wolf"}]},{"@type":"WebSite","@id":"https:\/\/arbeitskreis-zwingenberger-synagoge.de\/wordpress\/#website","url":"https:\/\/arbeitskreis-zwingenberger-synagoge.de\/wordpress\/","name":"Arbeitskreis Zwingenberger Synagoge e.V.","description":"","publisher":{"@id":"https:\/\/arbeitskreis-zwingenberger-synagoge.de\/wordpress\/#organization"},"potentialAction":[{"@type":"SearchAction","target":{"@type":"EntryPoint","urlTemplate":"https:\/\/arbeitskreis-zwingenberger-synagoge.de\/wordpress\/?s={search_term_string}"},"query-input":{"@type":"PropertyValueSpecification","valueRequired":true,"valueName":"search_term_string"}}],"inLanguage":"de"},{"@type":"Organization","@id":"https:\/\/arbeitskreis-zwingenberger-synagoge.de\/wordpress\/#organization","name":"Arbeitskreis Zwingenberger Synagoge e.V.","url":"https:\/\/arbeitskreis-zwingenberger-synagoge.de\/wordpress\/","logo":{"@type":"ImageObject","inLanguage":"de","@id":"https:\/\/arbeitskreis-zwingenberger-synagoge.de\/wordpress\/#\/schema\/logo\/image\/","url":"https:\/\/arbeitskreis-zwingenberger-synagoge.de\/wordpress\/wp-content\/uploads\/2026\/06\/cropped-Wordpress_Icon.png","contentUrl":"https:\/\/arbeitskreis-zwingenberger-synagoge.de\/wordpress\/wp-content\/uploads\/2026\/06\/cropped-Wordpress_Icon.png","width":512,"height":512,"caption":"Arbeitskreis Zwingenberger Synagoge e.V."},"image":{"@id":"https:\/\/arbeitskreis-zwingenberger-synagoge.de\/wordpress\/#\/schema\/logo\/image\/"}}]}},"_links":{"self":[{"href":"https:\/\/arbeitskreis-zwingenberger-synagoge.de\/wordpress\/wp-json\/wp\/v2\/pages\/267","targetHints":{"allow":["GET"]}}],"collection":[{"href":"https:\/\/arbeitskreis-zwingenberger-synagoge.de\/wordpress\/wp-json\/wp\/v2\/pages"}],"about":[{"href":"https:\/\/arbeitskreis-zwingenberger-synagoge.de\/wordpress\/wp-json\/wp\/v2\/types\/page"}],"author":[{"embeddable":true,"href":"https:\/\/arbeitskreis-zwingenberger-synagoge.de\/wordpress\/wp-json\/wp\/v2\/users\/1"}],"replies":[{"embeddable":true,"href":"https:\/\/arbeitskreis-zwingenberger-synagoge.de\/wordpress\/wp-json\/wp\/v2\/comments?post=267"}],"version-history":[{"count":7,"href":"https:\/\/arbeitskreis-zwingenberger-synagoge.de\/wordpress\/wp-json\/wp\/v2\/pages\/267\/revisions"}],"predecessor-version":[{"id":312,"href":"https:\/\/arbeitskreis-zwingenberger-synagoge.de\/wordpress\/wp-json\/wp\/v2\/pages\/267\/revisions\/312"}],"up":[{"embeddable":true,"href":"https:\/\/arbeitskreis-zwingenberger-synagoge.de\/wordpress\/wp-json\/wp\/v2\/pages\/23"}],"wp:featuredmedia":[{"embeddable":true,"href":"https:\/\/arbeitskreis-zwingenberger-synagoge.de\/wordpress\/wp-json\/wp\/v2\/media\/264"}],"wp:attachment":[{"href":"https:\/\/arbeitskreis-zwingenberger-synagoge.de\/wordpress\/wp-json\/wp\/v2\/media?parent=267"}],"curies":[{"name":"wp","href":"https:\/\/api.w.org\/{rel}","templated":true}]}}