{"id":23,"date":"2026-06-09T17:37:45","date_gmt":"2026-06-09T17:37:45","guid":{"rendered":"https:\/\/arbeitskreis-zwingenberger-synagoge.de\/wordpress\/?page_id=23"},"modified":"2026-08-29T21:58:23","modified_gmt":"2026-08-29T19:58:23","slug":"stolpersteine_stolperschwelle","status":"publish","type":"page","link":"https:\/\/arbeitskreis-zwingenberger-synagoge.de\/wordpress\/stolpersteine_stolperschwelle\/","title":{"rendered":"Stolpersteine und Stolperschwelle"},"content":{"rendered":"\n<p class=\"alignwide wp-block-paragraph\">Der K\u00fcnstler Gunter Demnig erinnert an die Opfer der NS-Zeit, indem er vor ihrem letzten selbstgew\u00e4hlten Wohnort Gedenktafeln aus Messing ins Trottoir einl\u00e4sst. Inzwischen liegen rund 116.000\u00a0Stolpersteine\u00a0in \u00fcber 1860 Orten Deutschlands und in 31 L\u00e4ndern Europas. <\/p>\n\n\n\n<p class=\"alignwide wp-block-paragraph\">&#8222;Ein Mensch ist erst vergessen, wenn sein Name vergessen ist&#8220;, so der K\u00fcnstler. Mit den Steinen vor den H\u00e4usern wird die Erinnerung an die Menschen lebendig, die einst hier wohnten. Auf den Steinen steht geschrieben: HIER WOHNTE&#8230; Ein Stein. Ein Name. Ein Mensch.<\/p>\n\n\n\n<figure class=\"wp-block-image size-full is-resized has-custom-border is-style-default\"><img loading=\"lazy\" decoding=\"async\" width=\"567\" height=\"425\" src=\"https:\/\/arbeitskreis-zwingenberger-synagoge.de\/wordpress\/wp-content\/uploads\/2026\/08\/stolpersteine20096web.jpg\" alt=\"Der K\u00fcnstler Gunter Demi verlegt einen Stolperstein in Zwingenberg.\" class=\"wp-image-364\" style=\"border-style:none;border-width:0px;border-top-left-radius:0px;border-top-right-radius:0px;border-bottom-left-radius:0px;border-bottom-right-radius:0px;box-shadow:none;width:620px;height:auto\" srcset=\"https:\/\/arbeitskreis-zwingenberger-synagoge.de\/wordpress\/wp-content\/uploads\/2026\/08\/stolpersteine20096web.jpg 567w, https:\/\/arbeitskreis-zwingenberger-synagoge.de\/wordpress\/wp-content\/uploads\/2026\/08\/stolpersteine20096web-300x225.jpg 300w\" sizes=\"auto, (max-width: 567px) 100vw, 567px\" \/><\/figure>\n\n\n\n<p class=\"alignwide wp-block-paragraph\">Am 3. Juli 2012 verlegte Gunter Demnig im Auftrag der Stadt Zwingenberg f\u00fcr 11 Opfer des Nationalsozialismus\u00a0Stolpersteine\u00a0vor deren ehemaligen Wohnungen. <\/p>\n\n\n\n<div class=\"wp-block-buttons alignwide is-layout-flex wp-block-buttons-is-layout-flex\">\n<div class=\"wp-block-button is-style-outline is-style-outline--1\"><a class=\"wp-block-button__link wp-element-button\">Eindr\u00fccke der Verlegung<\/a><\/div>\n<\/div>\n\n\n\n<div class=\"wp-block-columns alignwide is-layout-flex wp-container-core-columns-is-layout-f56f613f wp-block-columns-is-layout-flex\">\n<div class=\"wp-block-column is-vertically-aligned-bottom is-layout-flow wp-block-column-is-layout-flow\">\n<div class=\"wp-block-group has-global-padding is-layout-constrained wp-block-group-is-layout-constrained\">\n<div class=\"wp-block-cover has-custom-content-position is-position-bottom-left wp-duotone-grayscale\"><img loading=\"lazy\" decoding=\"async\" width=\"756\" height=\"531\" class=\"wp-block-cover__image-background wp-image-58\" alt=\"\" src=\"https:\/\/arbeitskreis-zwingenberger-synagoge.de\/wordpress\/wp-content\/uploads\/2026\/06\/wolfmarktplatzwebsite_1038.jpg\" style=\"object-position:50% 50%\" data-object-fit=\"cover\" data-object-position=\"50% 50%\" srcset=\"https:\/\/arbeitskreis-zwingenberger-synagoge.de\/wordpress\/wp-content\/uploads\/2026\/06\/wolfmarktplatzwebsite_1038.jpg 756w, https:\/\/arbeitskreis-zwingenberger-synagoge.de\/wordpress\/wp-content\/uploads\/2026\/06\/wolfmarktplatzwebsite_1038-300x211.jpg 300w\" sizes=\"auto, (max-width: 756px) 100vw, 756px\" \/><span aria-hidden=\"true\" class=\"wp-block-cover__background has-background-dim-20 has-background-dim\"><\/span><div class=\"wp-block-cover__inner-container is-layout-flow wp-block-cover-is-layout-flow\">\n<p class=\"has-text-align-center has-large-font-size wp-block-paragraph\"><sup>Am Markplatz 12<\/sup><\/p>\n<\/div><\/div>\n\n\n\n<div data-wp-context=\"{ &quot;autoclose&quot;: false, &quot;accordionItems&quot;: [] }\" data-wp-interactive=\"core\/accordion\" role=\"group\" class=\"wp-block-accordion is-layout-flow wp-block-accordion-is-layout-flow\">\n<div data-wp-class--is-open=\"state.isOpen\" data-wp-context=\"{ &quot;id&quot;: &quot;accordion-item-2&quot;, &quot;openByDefault&quot;: false }\" data-wp-init=\"callbacks.initAccordionItems\" data-wp-on-window--hashchange=\"callbacks.hashChange\" class=\"wp-block-accordion-item is-layout-flow wp-block-accordion-item-is-layout-flow\">\n<h3 class=\"wp-block-accordion-heading has-icon has-icon-right\"><button aria-expanded=\"false\" aria-controls=\"accordion-item-2-panel\" data-wp-bind--aria-expanded=\"state.isOpen\" data-wp-on--click=\"actions.toggle\" id=\"accordion-item-2\" type=\"button\" class=\"wp-block-accordion-heading__toggle\"><span class=\"wp-block-accordion-heading__toggle-title\">Familie Wolf <\/span><span class=\"wp-block-accordion-heading__toggle-icon\" aria-hidden=\"true\">+<\/span><\/button><\/h3>\n\n\n\n<div aria-labelledby=\"accordion-item-2\" data-wp-bind--hidden=\"state.isHidden\" data-wp-on--beforematch=\"actions.handleBeforeMatch\" id=\"accordion-item-2-panel\" role=\"region\" class=\"wp-block-accordion-panel is-layout-flow wp-block-accordion-panel-is-layout-flow\">\n<p class=\"wp-block-paragraph\"><strong>Amanda und Saly Wolf&nbsp;<\/strong>lebten am Marktplatz 12 \u2013 sie hatten ein Leder- und Schuhwarengesch\u00e4ft. 1938, kurz vor der Verw\u00fcstung ihrer Wohnung w\u00e4hrend der Reichspogromnacht zogen sie nach Darmstadt.<\/p>\n\n\n\n<p class=\"wp-block-paragraph\"><strong>Amanda und Saly Wolf<\/strong> wurden ins KZ Piaski \/ Lublin verschleppt. Tochter Ilse meint, dass sie ihren Vater Saly Wolf auf einem Foto wieder erkannt hatte, das im KZ Buchenwald nach der Befreiung 1945 aufgenommen worden war. Leider gibt es keine Dokumente im Archiv Buchenwald oder beim Internationalen Suchdienst in Bad Arolsen, die einen Aufenthalt von Saly Wolf in Buchenwald best\u00e4tigen.&nbsp;<\/p>\n\n\n\n<p class=\"wp-block-paragraph\">Ihr Sohn&nbsp;<strong>Arnold Wolf<\/strong>&nbsp;wurde auf seiner Flucht in die Schweiz gefangen genommen und nach Auschwitz verschleppt.&nbsp;<\/p>\n\n\n\n<div style=\"height:10px\" aria-hidden=\"true\" class=\"wp-block-spacer\"><\/div>\n\n\n\n<div class=\"wp-block-buttons is-content-justification-left is-layout-flex wp-container-core-buttons-is-layout-fa5e4718 wp-block-buttons-is-layout-flex\">\n<div class=\"wp-block-button\"><a class=\"wp-block-button__link wp-element-button\" href=\"https:\/\/arbeitskreis-zwingenberger-synagoge.de\/wordpress\/?page_id=59\">mehr erfahren<\/a><\/div>\n<\/div>\n<\/div>\n<\/div>\n<\/div>\n<\/div>\n<\/div>\n\n\n\n<div class=\"wp-block-column is-vertically-aligned-bottom has-global-padding is-layout-constrained wp-block-column-is-layout-constrained\">\n<div class=\"wp-block-group has-global-padding is-layout-constrained wp-block-group-is-layout-constrained\">\n<div style=\"height:1px\" aria-hidden=\"true\" class=\"wp-block-spacer\"><\/div>\n\n\n\n<div class=\"wp-block-cover has-custom-content-position is-position-bottom-left\"><img loading=\"lazy\" decoding=\"async\" width=\"591\" height=\"406\" class=\"wp-block-cover__image-background wp-image-112\" alt=\"\" src=\"https:\/\/arbeitskreis-zwingenberger-synagoge.de\/wordpress\/wp-content\/uploads\/2026\/06\/schackklein_1038.jpg\" style=\"object-position:50% 50%\" data-object-fit=\"cover\" data-object-position=\"50% 50%\" srcset=\"https:\/\/arbeitskreis-zwingenberger-synagoge.de\/wordpress\/wp-content\/uploads\/2026\/06\/schackklein_1038.jpg 591w, https:\/\/arbeitskreis-zwingenberger-synagoge.de\/wordpress\/wp-content\/uploads\/2026\/06\/schackklein_1038-300x206.jpg 300w\" sizes=\"auto, (max-width: 591px) 100vw, 591px\" \/><span aria-hidden=\"true\" class=\"wp-block-cover__background has-background-dim-20 has-background-dim\"><\/span><div class=\"wp-block-cover__inner-container is-layout-flow wp-block-cover-is-layout-flow\">\n<p class=\"has-text-align-center has-large-font-size wp-block-paragraph\"><sup>Obergasse 3<\/sup><\/p>\n<\/div><\/div>\n\n\n\n<div data-wp-context=\"{ &quot;autoclose&quot;: false, &quot;accordionItems&quot;: [] }\" data-wp-interactive=\"core\/accordion\" role=\"group\" class=\"wp-block-accordion is-layout-flow wp-block-accordion-is-layout-flow\">\n<div data-wp-class--is-open=\"state.isOpen\" data-wp-context=\"{ &quot;id&quot;: &quot;accordion-item-3&quot;, &quot;openByDefault&quot;: false }\" data-wp-init=\"callbacks.initAccordionItems\" data-wp-on-window--hashchange=\"callbacks.hashChange\" class=\"wp-block-accordion-item is-layout-flow wp-block-accordion-item-is-layout-flow\">\n<h3 class=\"wp-block-accordion-heading has-icon has-icon-right\"><button aria-expanded=\"false\" aria-controls=\"accordion-item-3-panel\" data-wp-bind--aria-expanded=\"state.isOpen\" data-wp-on--click=\"actions.toggle\" id=\"accordion-item-3\" type=\"button\" class=\"wp-block-accordion-heading__toggle\"><span class=\"wp-block-accordion-heading__toggle-title\">Martha und Moritz Schack<\/span><span class=\"wp-block-accordion-heading__toggle-icon\" aria-hidden=\"true\">+<\/span><\/button><\/h3>\n\n\n\n<div aria-labelledby=\"accordion-item-3\" data-wp-bind--hidden=\"state.isHidden\" data-wp-on--beforematch=\"actions.handleBeforeMatch\" id=\"accordion-item-3-panel\" role=\"region\" class=\"wp-block-accordion-panel is-layout-flow wp-block-accordion-panel-is-layout-flow\">\n<p class=\"wp-block-paragraph\">Im Haus Obergasse 3 lebte die Familie Martha und Moritz Schack mit ihren 5 Kindern Irma, Leo, Lina, Susanne und Margot. Es war das Elternhaus v\u00e4terlicherseits von Martha Schack.<\/p>\n\n\n\n<p class=\"wp-block-paragraph\">Sie wurde am 10. November 1885 als Tochter von Sarah und Aaron Leo Rothensies geboren. Die Familie Rothensies war eine alteingesessene Zwingenberger Familie. Die Tante von Martha, Clara Wolf, geb. Rothensies, lebte im Haus Obergasse 5.<br><br>\u201e\u00dcber die Familie Martha und Moritz Schack wissen wir sehr viel,\u201c schreibt Dr. Fritz Kilthau in seinem Buch \u201eMitten unter uns \u2013 Zwingenberg von 1933 bis 1945\u201c.<\/p>\n\n\n\n<div style=\"height:10px\" aria-hidden=\"true\" class=\"wp-block-spacer\"><\/div>\n\n\n\n<div class=\"wp-block-buttons is-layout-flex wp-block-buttons-is-layout-flex\">\n<div class=\"wp-block-button\"><a class=\"wp-block-button__link wp-element-button\" href=\"https:\/\/arbeitskreis-zwingenberger-synagoge.de\/wordpress\/?page_id=113\">Mehr erfahren<\/a><\/div>\n<\/div>\n<\/div>\n<\/div>\n<\/div>\n<\/div>\n<\/div>\n<\/div>\n\n\n\n<div class=\"wp-block-columns alignwide are-vertically-aligned-bottom is-layout-flex wp-container-core-columns-is-layout-f56f613f wp-block-columns-is-layout-flex\">\n<div class=\"wp-block-column is-vertically-aligned-bottom is-layout-flow wp-block-column-is-layout-flow\">\n<div class=\"wp-block-group has-global-padding is-layout-constrained wp-block-group-is-layout-constrained\">\n<div style=\"height:20px\" aria-hidden=\"true\" class=\"wp-block-spacer\"><\/div>\n\n\n\n<div class=\"wp-block-cover has-custom-content-position is-position-bottom-left wp-duotone-2c2c2c-ffffff-4\"><img loading=\"lazy\" decoding=\"async\" width=\"567\" height=\"394\" class=\"wp-block-cover__image-background wp-image-128\" alt=\"\" src=\"https:\/\/arbeitskreis-zwingenberger-synagoge.de\/wordpress\/wp-content\/uploads\/2026\/06\/gaertnerwebiste_1038.jpg\" data-object-fit=\"cover\" srcset=\"https:\/\/arbeitskreis-zwingenberger-synagoge.de\/wordpress\/wp-content\/uploads\/2026\/06\/gaertnerwebiste_1038.jpg 567w, https:\/\/arbeitskreis-zwingenberger-synagoge.de\/wordpress\/wp-content\/uploads\/2026\/06\/gaertnerwebiste_1038-300x208.jpg 300w\" sizes=\"auto, (max-width: 567px) 100vw, 567px\" \/><span aria-hidden=\"true\" class=\"wp-block-cover__background has-background-dim-20 has-background-dim\"><\/span><div class=\"wp-block-cover__inner-container is-layout-flow wp-block-cover-is-layout-flow\">\n<p class=\"has-text-align-center has-large-font-size wp-block-paragraph\"><sup>Obergasse 3<\/sup><\/p>\n<\/div><\/div>\n\n\n\n<div data-wp-context=\"{ &quot;autoclose&quot;: false, &quot;accordionItems&quot;: [] }\" data-wp-interactive=\"core\/accordion\" role=\"group\" class=\"wp-block-accordion is-layout-flow wp-block-accordion-is-layout-flow\">\n<div data-wp-class--is-open=\"state.isOpen\" data-wp-context=\"{ &quot;id&quot;: &quot;accordion-item-5&quot;, &quot;openByDefault&quot;: false }\" data-wp-init=\"callbacks.initAccordionItems\" data-wp-on-window--hashchange=\"callbacks.hashChange\" class=\"wp-block-accordion-item is-layout-flow wp-block-accordion-item-is-layout-flow\">\n<h3 class=\"wp-block-accordion-heading has-icon has-icon-right\"><button aria-expanded=\"false\" aria-controls=\"accordion-item-5-panel\" data-wp-bind--aria-expanded=\"state.isOpen\" data-wp-on--click=\"actions.toggle\" id=\"accordion-item-5\" type=\"button\" class=\"wp-block-accordion-heading__toggle\"><span class=\"wp-block-accordion-heading__toggle-title\">Hans G\u00e4rtner <\/span><span class=\"wp-block-accordion-heading__toggle-icon\" aria-hidden=\"true\">+<\/span><\/button><\/h3>\n\n\n\n<div aria-labelledby=\"accordion-item-5\" data-wp-bind--hidden=\"state.isHidden\" data-wp-on--beforematch=\"actions.handleBeforeMatch\" id=\"accordion-item-5-panel\" role=\"region\" class=\"wp-block-accordion-panel is-layout-flow wp-block-accordion-panel-is-layout-flow\">\n<p class=\"wp-block-paragraph\"><strong>Hans G\u00e4rtner<\/strong>&nbsp;war bekennender Zeuge Jehovas &#8211; er lebte in der Obergasse 3, wo er auch sein Friseurgesch\u00e4ft hatte. Nach Bespitzelung und Hausdurchsuchung wurde Hans G\u00e4rtner mehrfach zu Gef\u00e4ngnishaft verurteilt. Er lie\u00df sich nicht dazu hinrei\u00dfen, andere Zeugen Jehovas zu verraten, als er am 24. April 1935 in Schutzhaft kam und sp\u00e4ter von dem Darmst\u00e4dter Sondergericht zu einer Gef\u00e4ngnisstrafe verurteilt wurde.<\/p>\n\n\n\n<p class=\"wp-block-paragraph\">1937 wurde er wegen Nichterwiderung des sog. Hitler-Gru\u00dfes erneut verhaftet und ins KZ Dachau gebracht, wo er am 26. April 1940 verhungerte.<\/p>\n\n\n\n<div style=\"height:10px\" aria-hidden=\"true\" class=\"wp-block-spacer\"><\/div>\n\n\n\n<div class=\"wp-block-buttons is-layout-flex wp-block-buttons-is-layout-flex\">\n<div class=\"wp-block-button\"><a class=\"wp-block-button__link wp-element-button\" href=\"https:\/\/arbeitskreis-zwingenberger-synagoge.de\/wordpress\/?page_id=134\">MEhr erfahren<\/a><\/div>\n<\/div>\n<\/div>\n<\/div>\n<\/div>\n<\/div>\n<\/div>\n\n\n\n<div class=\"wp-block-column is-vertically-aligned-bottom has-global-padding is-layout-constrained wp-block-column-is-layout-constrained\">\n<div class=\"wp-block-group has-global-padding is-layout-constrained wp-block-group-is-layout-constrained\">\n<div style=\"height:20px\" aria-hidden=\"true\" class=\"wp-block-spacer\"><\/div>\n\n\n\n<div class=\"wp-block-cover has-custom-content-position is-position-bottom-left wp-duotone-2c2c2c-ffffff-6\"><img loading=\"lazy\" decoding=\"async\" width=\"567\" height=\"399\" class=\"wp-block-cover__image-background wp-image-264\" alt=\"\" src=\"https:\/\/arbeitskreis-zwingenberger-synagoge.de\/wordpress\/wp-content\/uploads\/2026\/08\/ehepaarwolfwebsite_1038.jpg\" data-object-fit=\"cover\" srcset=\"https:\/\/arbeitskreis-zwingenberger-synagoge.de\/wordpress\/wp-content\/uploads\/2026\/08\/ehepaarwolfwebsite_1038.jpg 567w, https:\/\/arbeitskreis-zwingenberger-synagoge.de\/wordpress\/wp-content\/uploads\/2026\/08\/ehepaarwolfwebsite_1038-300x211.jpg 300w\" sizes=\"auto, (max-width: 567px) 100vw, 567px\" \/><span aria-hidden=\"true\" class=\"wp-block-cover__background has-background-dim-20 has-background-dim\"><\/span><div class=\"wp-block-cover__inner-container is-layout-flow wp-block-cover-is-layout-flow\">\n<p class=\"has-text-align-center has-large-font-size wp-block-paragraph\"><sup>Obergasse 5<\/sup><\/p>\n<\/div><\/div>\n\n\n\n<div data-wp-context=\"{ &quot;autoclose&quot;: false, &quot;accordionItems&quot;: [] }\" data-wp-interactive=\"core\/accordion\" role=\"group\" class=\"wp-block-accordion is-layout-flow wp-block-accordion-is-layout-flow\">\n<div data-wp-class--is-open=\"state.isOpen\" data-wp-context=\"{ &quot;id&quot;: &quot;accordion-item-7&quot;, &quot;openByDefault&quot;: false }\" data-wp-init=\"callbacks.initAccordionItems\" data-wp-on-window--hashchange=\"callbacks.hashChange\" class=\"wp-block-accordion-item is-layout-flow wp-block-accordion-item-is-layout-flow\">\n<h3 class=\"wp-block-accordion-heading has-icon has-icon-right\"><button aria-expanded=\"false\" aria-controls=\"accordion-item-7-panel\" data-wp-bind--aria-expanded=\"state.isOpen\" data-wp-on--click=\"actions.toggle\" id=\"accordion-item-7\" type=\"button\" class=\"wp-block-accordion-heading__toggle\"><span class=\"wp-block-accordion-heading__toggle-title\">Clara und Jakob Wolf<\/span><span class=\"wp-block-accordion-heading__toggle-icon\" aria-hidden=\"true\">+<\/span><\/button><\/h3>\n\n\n\n<div aria-labelledby=\"accordion-item-7\" data-wp-bind--hidden=\"state.isHidden\" data-wp-on--beforematch=\"actions.handleBeforeMatch\" id=\"accordion-item-7-panel\" role=\"region\" class=\"wp-block-accordion-panel is-layout-flow wp-block-accordion-panel-is-layout-flow\">\n<p class=\"wp-block-paragraph\">Das Gesch\u00e4ft von&nbsp;<strong>Clara und Jakob Wolf<\/strong>&nbsp;aus der Obergasse 5 wurde w\u00e4hrend der Reichspogromnacht im November 1938 verw\u00fcstet. <\/p>\n\n\n\n<p class=\"wp-block-paragraph\">Nach Gefangennahme im KZ Dachau beschlossen sie, nach Paraguay zu emigrieren. Im April 1939 zogen sie nach Frankfurt. Von dort wurden sie nach Raasiku (Estland) deportiert und dort ermordet.<\/p>\n\n\n\n<div class=\"wp-block-buttons is-layout-flex wp-block-buttons-is-layout-flex\">\n<div class=\"wp-block-button is-style-fill\"><a class=\"wp-block-button__link wp-element-button\" href=\"https:\/\/arbeitskreis-zwingenberger-synagoge.de\/wordpress\/stolpersteine\/clara-und-jakob-wolf\/\">Mehr erfahren<\/a><\/div>\n<\/div>\n<\/div>\n<\/div>\n<\/div>\n<\/div>\n<\/div>\n<\/div>\n\n\n\n<div class=\"wp-block-columns alignwide are-vertically-aligned-bottom is-layout-flex wp-container-core-columns-is-layout-f56f613f wp-block-columns-is-layout-flex\">\n<div class=\"wp-block-column is-vertically-aligned-bottom is-layout-flow wp-block-column-is-layout-flow\">\n<div class=\"wp-block-group has-global-padding is-layout-constrained wp-block-group-is-layout-constrained\">\n<div style=\"height:20px\" aria-hidden=\"true\" class=\"wp-block-spacer\"><\/div>\n\n\n\n<div class=\"wp-block-cover has-custom-content-position is-position-bottom-left wp-duotone-2c2c2c-ffffff-8\"><img loading=\"lazy\" decoding=\"async\" width=\"470\" height=\"328\" class=\"wp-block-cover__image-background wp-image-276\" alt=\"\" src=\"https:\/\/arbeitskreis-zwingenberger-synagoge.de\/wordpress\/wp-content\/uploads\/2026\/08\/famwachenheimerwebsite_1038.jpg\" data-object-fit=\"cover\" srcset=\"https:\/\/arbeitskreis-zwingenberger-synagoge.de\/wordpress\/wp-content\/uploads\/2026\/08\/famwachenheimerwebsite_1038.jpg 470w, https:\/\/arbeitskreis-zwingenberger-synagoge.de\/wordpress\/wp-content\/uploads\/2026\/08\/famwachenheimerwebsite_1038-300x209.jpg 300w\" sizes=\"auto, (max-width: 470px) 100vw, 470px\" \/><span aria-hidden=\"true\" class=\"wp-block-cover__background has-background-dim-20 has-background-dim\"><\/span><div class=\"wp-block-cover__inner-container is-layout-flow wp-block-cover-is-layout-flow\">\n<p class=\"has-text-align-center has-large-font-size wp-block-paragraph\"><sup>Pfarrhausgasse 1<\/sup><\/p>\n<\/div><\/div>\n\n\n\n<div data-wp-context=\"{ &quot;autoclose&quot;: false, &quot;accordionItems&quot;: [] }\" data-wp-interactive=\"core\/accordion\" role=\"group\" class=\"wp-block-accordion is-layout-flow wp-block-accordion-is-layout-flow\">\n<div data-wp-class--is-open=\"state.isOpen\" data-wp-context=\"{ &quot;id&quot;: &quot;accordion-item-9&quot;, &quot;openByDefault&quot;: false }\" data-wp-init=\"callbacks.initAccordionItems\" data-wp-on-window--hashchange=\"callbacks.hashChange\" class=\"wp-block-accordion-item is-layout-flow wp-block-accordion-item-is-layout-flow\">\n<h3 class=\"wp-block-accordion-heading has-icon has-icon-right\"><button aria-expanded=\"false\" aria-controls=\"accordion-item-9-panel\" data-wp-bind--aria-expanded=\"state.isOpen\" data-wp-on--click=\"actions.toggle\" id=\"accordion-item-9\" type=\"button\" class=\"wp-block-accordion-heading__toggle\"><span class=\"wp-block-accordion-heading__toggle-title\">Familie Wachenheimer<\/span><span class=\"wp-block-accordion-heading__toggle-icon\" aria-hidden=\"true\">+<\/span><\/button><\/h3>\n\n\n\n<div aria-labelledby=\"accordion-item-9\" data-wp-bind--hidden=\"state.isHidden\" data-wp-on--beforematch=\"actions.handleBeforeMatch\" id=\"accordion-item-9-panel\" role=\"region\" class=\"wp-block-accordion-panel is-layout-flow wp-block-accordion-panel-is-layout-flow\">\n<p class=\"wp-block-paragraph\"><strong>Clothilde und Heinrich Wachenheimer<\/strong>&nbsp;versuchten 1938, den Nazis zu entfliehen; sie verkauften ihr Anwesen in der Pfarrhausgasse 1 und flohen mit Tochter Johanna und Schwiegersohn aus Lorsch, Siegmund&nbsp;<strong>Abraham,<\/strong>&nbsp;nach Frankreich. <\/p>\n\n\n\n<p class=\"wp-block-paragraph\">Clothilde starb 1942 auf der Flucht an einem Herzschlag. Die beiden S\u00f6hne Salomon (Sal) und Berthold konnten in die USA fliehen.<\/p>\n\n\n\n<div class=\"wp-block-buttons is-layout-flex wp-block-buttons-is-layout-flex\">\n<div class=\"wp-block-button\"><a class=\"wp-block-button__link wp-element-button\" href=\"https:\/\/arbeitskreis-zwingenberger-synagoge.de\/wordpress\/stolpersteine\/familie-wachenheimer\/\">Mehr erfahren<\/a><\/div>\n<\/div>\n<\/div>\n<\/div>\n<\/div>\n<\/div>\n<\/div>\n\n\n\n<div class=\"wp-block-column is-vertically-aligned-bottom has-global-padding is-layout-constrained wp-block-column-is-layout-constrained\">\n<div class=\"wp-block-group has-global-padding is-layout-constrained wp-block-group-is-layout-constrained\">\n<div style=\"height:20px\" aria-hidden=\"true\" class=\"wp-block-spacer\"><\/div>\n\n\n\n<div class=\"wp-block-cover has-custom-content-position is-position-bottom-left wp-duotone-2c2c2c-ffffff-10\"><img loading=\"lazy\" decoding=\"async\" width=\"756\" height=\"459\" class=\"wp-block-cover__image-background wp-image-277\" alt=\"\" src=\"https:\/\/arbeitskreis-zwingenberger-synagoge.de\/wordpress\/wp-content\/uploads\/2026\/08\/davidehepaarwebsite_1038.jpg\" data-object-fit=\"cover\" srcset=\"https:\/\/arbeitskreis-zwingenberger-synagoge.de\/wordpress\/wp-content\/uploads\/2026\/08\/davidehepaarwebsite_1038.jpg 756w, https:\/\/arbeitskreis-zwingenberger-synagoge.de\/wordpress\/wp-content\/uploads\/2026\/08\/davidehepaarwebsite_1038-300x182.jpg 300w\" sizes=\"auto, (max-width: 756px) 100vw, 756px\" \/><span aria-hidden=\"true\" class=\"wp-block-cover__background has-background-dim-20 has-background-dim\"><\/span><div class=\"wp-block-cover__inner-container is-layout-flow wp-block-cover-is-layout-flow\">\n<p class=\"has-text-align-center has-large-font-size wp-block-paragraph\"><sup><strong>Alsbacher St<\/strong>ra\u00dfe 24\/26<\/sup><\/p>\n<\/div><\/div>\n\n\n\n<div data-wp-context=\"{ &quot;autoclose&quot;: false, &quot;accordionItems&quot;: [] }\" data-wp-interactive=\"core\/accordion\" role=\"group\" class=\"wp-block-accordion is-layout-flow wp-block-accordion-is-layout-flow\">\n<div data-wp-class--is-open=\"state.isOpen\" data-wp-context=\"{ &quot;id&quot;: &quot;accordion-item-11&quot;, &quot;openByDefault&quot;: false }\" data-wp-init=\"callbacks.initAccordionItems\" data-wp-on-window--hashchange=\"callbacks.hashChange\" class=\"wp-block-accordion-item is-layout-flow wp-block-accordion-item-is-layout-flow\">\n<h3 class=\"wp-block-accordion-heading has-icon has-icon-right\"><button aria-expanded=\"false\" aria-controls=\"accordion-item-11-panel\" data-wp-bind--aria-expanded=\"state.isOpen\" data-wp-on--click=\"actions.toggle\" id=\"accordion-item-11\" type=\"button\" class=\"wp-block-accordion-heading__toggle\"><span class=\"wp-block-accordion-heading__toggle-title\">Clara und Sally David<\/span><span class=\"wp-block-accordion-heading__toggle-icon\" aria-hidden=\"true\">+<\/span><\/button><\/h3>\n\n\n\n<div aria-labelledby=\"accordion-item-11\" data-wp-bind--hidden=\"state.isHidden\" data-wp-on--beforematch=\"actions.handleBeforeMatch\" id=\"accordion-item-11-panel\" role=\"region\" class=\"wp-block-accordion-panel is-layout-flow wp-block-accordion-panel-is-layout-flow\">\n<p class=\"wp-block-paragraph\"><strong>Clara und Sally David<\/strong>&nbsp;lebten in der Alsbacher Stra\u00dfe 24\/26, verkauften Fette, \u00d6l und Bindemittel. Im M\u00e4rz 1937 wurde ihr Gesch\u00e4ft aufgel\u00f6st, sie zogen nach Darmstadt. <\/p>\n\n\n\n<p class=\"wp-block-paragraph\">Der Verschleppung in ein Konzentrationslager kam Sally David zuvor \u2013 er erh\u00e4ngte sich am 15. Juli 1940. Seine Frau Clara wurde vom G\u00fcterbahnhof Darmstadt aus nach Piaski-Lublin in Polen deportiert \u2013 es gibt keine weiteren Spuren von ihr.<\/p>\n\n\n\n<div class=\"wp-block-buttons is-layout-flex wp-block-buttons-is-layout-flex\">\n<div class=\"wp-block-button\"><a class=\"wp-block-button__link wp-element-button\" href=\"https:\/\/arbeitskreis-zwingenberger-synagoge.de\/wordpress\/stolpersteine\/clara-und-sally-david\/\">Mehr erfahren<\/a><\/div>\n<\/div>\n<\/div>\n<\/div>\n<\/div>\n<\/div>\n<\/div>\n<\/div>\n\n\n\n<div class=\"wp-block-group alignwide has-global-padding is-layout-constrained wp-block-group-is-layout-constrained\">\n<div style=\"height:30px\" aria-hidden=\"true\" class=\"wp-block-spacer\"><\/div>\n\n\n\n<p class=\"alignwide wp-block-paragraph\"><strong>Pfarrer Christian Hilsberg von der evangelischen Kirchengemeinde Zwingenberg lud 2021 Dr. Fritz Kilthau ein, zusammen ein kurzes Video mit Bezug zu den Stolpersteinen f\u00fcr die Opfer des Nationalsozialismus in Zwingenberg zu drehen. F\u00fcr die Aufnahme und die Produktion des Videos war Michael R\u00e4nker zust\u00e4ndig. Das Video finden Sie\u00a0<\/strong><a href=\"https:\/\/youtu.be\/7xN7ywjVqhY\" target=\"_blank\" rel=\"noopener\">hier<\/a><strong>.<\/strong><\/p>\n\n\n\n<div style=\"height:60px\" aria-hidden=\"true\" class=\"wp-block-spacer\"><\/div>\n\n\n\n<h2 class=\"wp-block-heading has-text-align-center alignwide\">Die Stolperschwelle<\/h2>\n\n\n\n<figure class=\"wp-block-image alignwide size-full\"><img loading=\"lazy\" decoding=\"async\" width=\"439\" height=\"241\" src=\"https:\/\/arbeitskreis-zwingenberger-synagoge.de\/wordpress\/wp-content\/uploads\/2026\/08\/paraflowsliderp066300af530d2ae051-edited.jpg\" alt=\"\" class=\"wp-image-320\" srcset=\"https:\/\/arbeitskreis-zwingenberger-synagoge.de\/wordpress\/wp-content\/uploads\/2026\/08\/paraflowsliderp066300af530d2ae051-edited.jpg 439w, https:\/\/arbeitskreis-zwingenberger-synagoge.de\/wordpress\/wp-content\/uploads\/2026\/08\/paraflowsliderp066300af530d2ae051-edited-300x165.jpg 300w\" sizes=\"auto, (max-width: 439px) 100vw, 439px\" \/><\/figure>\n\n\n\n<p class=\"alignwide wp-block-paragraph\"><strong>Vor der ehemaligen zweiten Synagoge Zwingenbergs in der Wiesenstra\u00dfe verlegte Gunter Demnig am 14. November 2022 eine Stolperschwelle mit dem Text &#8222;Hier 1903 erbaut &#8211; Die Synagoge der j\u00fcdischen Gemeinde Zwingenberg &#8211; 10. November 1938 gesch\u00e4ndet &#8211; 1938\/1939 verkauft&#8220;.&nbsp;<\/strong> <\/p>\n\n\n\n<div class=\"wp-block-buttons alignwide is-layout-flex wp-block-buttons-is-layout-flex\">\n<div class=\"wp-block-button is-style-outline is-style-outline--12\"><a class=\"wp-block-button__link wp-element-button\" href=\"https:\/\/arbeitskreis-zwingenberger-synagoge.de\/wordpress\/stolpersteine\/stolperschwelle\/\">Mehr Erfahren<\/a><\/div>\n<\/div>\n<\/div>\n\n\n\n<div style=\"height:60px\" aria-hidden=\"true\" class=\"wp-block-spacer\"><\/div>\n\n\n\n<div class=\"wp-block-group alignwide has-global-padding is-content-justification-left is-layout-constrained wp-container-core-group-is-layout-69d0b17a wp-block-group-is-layout-constrained\">\n<p class=\"wp-block-paragraph\">Weitere Informationen<\/p>\n\n\n\n<p class=\"wp-block-paragraph\">&gt;&gt; <a href=\"https:\/\/www.stolpersteine.eu\">Mehr zu Initiative und K\u00fcnstler<\/a><br>&gt;&gt; <a href=\"https:\/\/www.stolpersteine.eu\/assets\/Putzanleitung_STOLPERSTEINE_2019.pdf\">Putzanleitung Stolpersteine<\/a>  <\/p>\n<\/div>\n","protected":false},"excerpt":{"rendered":"<p>Der K\u00fcnstler Gunter Demnig erinnert an die Opfer der NS-Zeit, indem er vor ihrem letzten selbstgew\u00e4hlten Wohnort Gedenktafeln aus Messing ins Trottoir einl\u00e4sst. Inzwischen liegen rund 116.000\u00a0Stolpersteine\u00a0in \u00fcber 1860 Orten Deutschlands und in 31 L\u00e4ndern Europas. &#8222;Ein Mensch ist erst vergessen, wenn sein Name vergessen ist&#8220;, so der K\u00fcnstler. Mit den Steinen vor den H\u00e4usern [&hellip;]<\/p>\n","protected":false},"author":1,"featured_media":0,"parent":0,"menu_order":0,"comment_status":"closed","ping_status":"closed","template":"","meta":{"footnotes":""},"class_list":["post-23","page","type-page","status-publish","hentry"],"yoast_head":"<!-- This site is optimized with the Yoast SEO plugin v28.4 - https:\/\/yoast.com\/product\/yoast-seo-wordpress\/ -->\n<title>Stolpersteine und Stolperschwelle - Arbeitskreis Zwingenberger Synagoge e.V.<\/title>\n<meta name=\"description\" content=\"11 Stolpersteine und eine Stolperschwelle erinnern in Zwingenberg an die Opfer der NS-Verfolgung. Erfahren Sie mehr \u00fcber die Menschen und ihre Geschichten.\" \/>\n<meta name=\"robots\" content=\"index, follow, max-snippet:-1, max-image-preview:large, max-video-preview:-1\" \/>\n<link rel=\"canonical\" href=\"https:\/\/arbeitskreis-zwingenberger-synagoge.de\/wordpress\/stolpersteine_stolperschwelle\/\" \/>\n<meta property=\"og:locale\" content=\"de_DE\" \/>\n<meta property=\"og:type\" content=\"article\" \/>\n<meta property=\"og:title\" content=\"Stolpersteine und Stolperschwelle - Arbeitskreis Zwingenberger Synagoge e.V.\" \/>\n<meta property=\"og:description\" content=\"11 Stolpersteine und eine Stolperschwelle erinnern in Zwingenberg an die Opfer der NS-Verfolgung. Erfahren Sie mehr \u00fcber die Menschen und ihre Geschichten.\" \/>\n<meta property=\"og:url\" content=\"https:\/\/arbeitskreis-zwingenberger-synagoge.de\/wordpress\/stolpersteine_stolperschwelle\/\" \/>\n<meta property=\"og:site_name\" content=\"Arbeitskreis Zwingenberger Synagoge e.V.\" \/>\n<meta property=\"article:modified_time\" content=\"2026-08-29T19:58:23+00:00\" \/>\n<meta property=\"og:image\" content=\"https:\/\/arbeitskreis-zwingenberger-synagoge.de\/wordpress\/wp-content\/uploads\/2026\/08\/stolpersteine20096web.jpg\" \/>\n\t<meta property=\"og:image:width\" content=\"567\" \/>\n\t<meta property=\"og:image:height\" content=\"425\" \/>\n\t<meta property=\"og:image:type\" content=\"image\/jpeg\" \/>\n<meta name=\"twitter:card\" content=\"summary_large_image\" \/>\n<meta name=\"twitter:label1\" content=\"Gesch\u00e4tzte Lesezeit\" \/>\n\t<meta name=\"twitter:data1\" content=\"6\u00a0Minuten\" \/>\n<script type=\"application\/ld+json\" class=\"yoast-schema-graph\">{\"@context\":\"https:\\\/\\\/schema.org\",\"@graph\":[{\"@type\":\"WebPage\",\"@id\":\"https:\\\/\\\/arbeitskreis-zwingenberger-synagoge.de\\\/wordpress\\\/stolpersteine_stolperschwelle\\\/\",\"url\":\"https:\\\/\\\/arbeitskreis-zwingenberger-synagoge.de\\\/wordpress\\\/stolpersteine_stolperschwelle\\\/\",\"name\":\"Stolpersteine und Stolperschwelle - Arbeitskreis Zwingenberger Synagoge e.V.\",\"isPartOf\":{\"@id\":\"https:\\\/\\\/arbeitskreis-zwingenberger-synagoge.de\\\/wordpress\\\/#website\"},\"primaryImageOfPage\":{\"@id\":\"https:\\\/\\\/arbeitskreis-zwingenberger-synagoge.de\\\/wordpress\\\/stolpersteine_stolperschwelle\\\/#primaryimage\"},\"image\":{\"@id\":\"https:\\\/\\\/arbeitskreis-zwingenberger-synagoge.de\\\/wordpress\\\/stolpersteine_stolperschwelle\\\/#primaryimage\"},\"thumbnailUrl\":\"https:\\\/\\\/arbeitskreis-zwingenberger-synagoge.de\\\/wordpress\\\/wp-content\\\/uploads\\\/2026\\\/08\\\/stolpersteine20096web.jpg\",\"datePublished\":\"2026-06-09T17:37:45+00:00\",\"dateModified\":\"2026-08-29T19:58:23+00:00\",\"description\":\"11 Stolpersteine und eine Stolperschwelle erinnern in Zwingenberg an die Opfer der NS-Verfolgung. Erfahren Sie mehr \u00fcber die Menschen und ihre Geschichten.\",\"breadcrumb\":{\"@id\":\"https:\\\/\\\/arbeitskreis-zwingenberger-synagoge.de\\\/wordpress\\\/stolpersteine_stolperschwelle\\\/#breadcrumb\"},\"inLanguage\":\"de\",\"potentialAction\":[{\"@type\":\"ReadAction\",\"target\":[\"https:\\\/\\\/arbeitskreis-zwingenberger-synagoge.de\\\/wordpress\\\/stolpersteine_stolperschwelle\\\/\"]}]},{\"@type\":\"ImageObject\",\"inLanguage\":\"de\",\"@id\":\"https:\\\/\\\/arbeitskreis-zwingenberger-synagoge.de\\\/wordpress\\\/stolpersteine_stolperschwelle\\\/#primaryimage\",\"url\":\"https:\\\/\\\/arbeitskreis-zwingenberger-synagoge.de\\\/wordpress\\\/wp-content\\\/uploads\\\/2026\\\/08\\\/stolpersteine20096web.jpg\",\"contentUrl\":\"https:\\\/\\\/arbeitskreis-zwingenberger-synagoge.de\\\/wordpress\\\/wp-content\\\/uploads\\\/2026\\\/08\\\/stolpersteine20096web.jpg\",\"width\":567,\"height\":425},{\"@type\":\"BreadcrumbList\",\"@id\":\"https:\\\/\\\/arbeitskreis-zwingenberger-synagoge.de\\\/wordpress\\\/stolpersteine_stolperschwelle\\\/#breadcrumb\",\"itemListElement\":[{\"@type\":\"ListItem\",\"position\":1,\"name\":\"Start\",\"item\":\"https:\\\/\\\/arbeitskreis-zwingenberger-synagoge.de\\\/wordpress\\\/\"},{\"@type\":\"ListItem\",\"position\":2,\"name\":\"Stolpersteine und Stolperschwelle\"}]},{\"@type\":\"WebSite\",\"@id\":\"https:\\\/\\\/arbeitskreis-zwingenberger-synagoge.de\\\/wordpress\\\/#website\",\"url\":\"https:\\\/\\\/arbeitskreis-zwingenberger-synagoge.de\\\/wordpress\\\/\",\"name\":\"Arbeitskreis Zwingenberger Synagoge e.V.\",\"description\":\"\",\"publisher\":{\"@id\":\"https:\\\/\\\/arbeitskreis-zwingenberger-synagoge.de\\\/wordpress\\\/#organization\"},\"potentialAction\":[{\"@type\":\"SearchAction\",\"target\":{\"@type\":\"EntryPoint\",\"urlTemplate\":\"https:\\\/\\\/arbeitskreis-zwingenberger-synagoge.de\\\/wordpress\\\/?s={search_term_string}\"},\"query-input\":{\"@type\":\"PropertyValueSpecification\",\"valueRequired\":true,\"valueName\":\"search_term_string\"}}],\"inLanguage\":\"de\"},{\"@type\":\"Organization\",\"@id\":\"https:\\\/\\\/arbeitskreis-zwingenberger-synagoge.de\\\/wordpress\\\/#organization\",\"name\":\"Arbeitskreis Zwingenberger Synagoge e.V.\",\"url\":\"https:\\\/\\\/arbeitskreis-zwingenberger-synagoge.de\\\/wordpress\\\/\",\"logo\":{\"@type\":\"ImageObject\",\"inLanguage\":\"de\",\"@id\":\"https:\\\/\\\/arbeitskreis-zwingenberger-synagoge.de\\\/wordpress\\\/#\\\/schema\\\/logo\\\/image\\\/\",\"url\":\"https:\\\/\\\/arbeitskreis-zwingenberger-synagoge.de\\\/wordpress\\\/wp-content\\\/uploads\\\/2026\\\/06\\\/cropped-Wordpress_Icon.png\",\"contentUrl\":\"https:\\\/\\\/arbeitskreis-zwingenberger-synagoge.de\\\/wordpress\\\/wp-content\\\/uploads\\\/2026\\\/06\\\/cropped-Wordpress_Icon.png\",\"width\":512,\"height\":512,\"caption\":\"Arbeitskreis Zwingenberger Synagoge e.V.\"},\"image\":{\"@id\":\"https:\\\/\\\/arbeitskreis-zwingenberger-synagoge.de\\\/wordpress\\\/#\\\/schema\\\/logo\\\/image\\\/\"}}]}<\/script>\n<!-- \/ Yoast SEO plugin. -->","yoast_head_json":{"title":"Stolpersteine und Stolperschwelle - Arbeitskreis Zwingenberger Synagoge e.V.","description":"11 Stolpersteine und eine Stolperschwelle erinnern in Zwingenberg an die Opfer der NS-Verfolgung. Erfahren Sie mehr \u00fcber die Menschen und ihre Geschichten.","robots":{"index":"index","follow":"follow","max-snippet":"max-snippet:-1","max-image-preview":"max-image-preview:large","max-video-preview":"max-video-preview:-1"},"canonical":"https:\/\/arbeitskreis-zwingenberger-synagoge.de\/wordpress\/stolpersteine_stolperschwelle\/","og_locale":"de_DE","og_type":"article","og_title":"Stolpersteine und Stolperschwelle - Arbeitskreis Zwingenberger Synagoge e.V.","og_description":"11 Stolpersteine und eine Stolperschwelle erinnern in Zwingenberg an die Opfer der NS-Verfolgung. Erfahren Sie mehr \u00fcber die Menschen und ihre Geschichten.","og_url":"https:\/\/arbeitskreis-zwingenberger-synagoge.de\/wordpress\/stolpersteine_stolperschwelle\/","og_site_name":"Arbeitskreis Zwingenberger Synagoge e.V.","article_modified_time":"2026-08-29T19:58:23+00:00","og_image":[{"width":567,"height":425,"url":"https:\/\/arbeitskreis-zwingenberger-synagoge.de\/wordpress\/wp-content\/uploads\/2026\/08\/stolpersteine20096web.jpg","type":"image\/jpeg"}],"twitter_card":"summary_large_image","twitter_misc":{"Gesch\u00e4tzte Lesezeit":"6\u00a0Minuten"},"schema":{"@context":"https:\/\/schema.org","@graph":[{"@type":"WebPage","@id":"https:\/\/arbeitskreis-zwingenberger-synagoge.de\/wordpress\/stolpersteine_stolperschwelle\/","url":"https:\/\/arbeitskreis-zwingenberger-synagoge.de\/wordpress\/stolpersteine_stolperschwelle\/","name":"Stolpersteine und Stolperschwelle - Arbeitskreis Zwingenberger Synagoge e.V.","isPartOf":{"@id":"https:\/\/arbeitskreis-zwingenberger-synagoge.de\/wordpress\/#website"},"primaryImageOfPage":{"@id":"https:\/\/arbeitskreis-zwingenberger-synagoge.de\/wordpress\/stolpersteine_stolperschwelle\/#primaryimage"},"image":{"@id":"https:\/\/arbeitskreis-zwingenberger-synagoge.de\/wordpress\/stolpersteine_stolperschwelle\/#primaryimage"},"thumbnailUrl":"https:\/\/arbeitskreis-zwingenberger-synagoge.de\/wordpress\/wp-content\/uploads\/2026\/08\/stolpersteine20096web.jpg","datePublished":"2026-06-09T17:37:45+00:00","dateModified":"2026-08-29T19:58:23+00:00","description":"11 Stolpersteine und eine Stolperschwelle erinnern in Zwingenberg an die Opfer der NS-Verfolgung. Erfahren Sie mehr \u00fcber die Menschen und ihre Geschichten.","breadcrumb":{"@id":"https:\/\/arbeitskreis-zwingenberger-synagoge.de\/wordpress\/stolpersteine_stolperschwelle\/#breadcrumb"},"inLanguage":"de","potentialAction":[{"@type":"ReadAction","target":["https:\/\/arbeitskreis-zwingenberger-synagoge.de\/wordpress\/stolpersteine_stolperschwelle\/"]}]},{"@type":"ImageObject","inLanguage":"de","@id":"https:\/\/arbeitskreis-zwingenberger-synagoge.de\/wordpress\/stolpersteine_stolperschwelle\/#primaryimage","url":"https:\/\/arbeitskreis-zwingenberger-synagoge.de\/wordpress\/wp-content\/uploads\/2026\/08\/stolpersteine20096web.jpg","contentUrl":"https:\/\/arbeitskreis-zwingenberger-synagoge.de\/wordpress\/wp-content\/uploads\/2026\/08\/stolpersteine20096web.jpg","width":567,"height":425},{"@type":"BreadcrumbList","@id":"https:\/\/arbeitskreis-zwingenberger-synagoge.de\/wordpress\/stolpersteine_stolperschwelle\/#breadcrumb","itemListElement":[{"@type":"ListItem","position":1,"name":"Start","item":"https:\/\/arbeitskreis-zwingenberger-synagoge.de\/wordpress\/"},{"@type":"ListItem","position":2,"name":"Stolpersteine und Stolperschwelle"}]},{"@type":"WebSite","@id":"https:\/\/arbeitskreis-zwingenberger-synagoge.de\/wordpress\/#website","url":"https:\/\/arbeitskreis-zwingenberger-synagoge.de\/wordpress\/","name":"Arbeitskreis Zwingenberger Synagoge e.V.","description":"","publisher":{"@id":"https:\/\/arbeitskreis-zwingenberger-synagoge.de\/wordpress\/#organization"},"potentialAction":[{"@type":"SearchAction","target":{"@type":"EntryPoint","urlTemplate":"https:\/\/arbeitskreis-zwingenberger-synagoge.de\/wordpress\/?s={search_term_string}"},"query-input":{"@type":"PropertyValueSpecification","valueRequired":true,"valueName":"search_term_string"}}],"inLanguage":"de"},{"@type":"Organization","@id":"https:\/\/arbeitskreis-zwingenberger-synagoge.de\/wordpress\/#organization","name":"Arbeitskreis Zwingenberger Synagoge e.V.","url":"https:\/\/arbeitskreis-zwingenberger-synagoge.de\/wordpress\/","logo":{"@type":"ImageObject","inLanguage":"de","@id":"https:\/\/arbeitskreis-zwingenberger-synagoge.de\/wordpress\/#\/schema\/logo\/image\/","url":"https:\/\/arbeitskreis-zwingenberger-synagoge.de\/wordpress\/wp-content\/uploads\/2026\/06\/cropped-Wordpress_Icon.png","contentUrl":"https:\/\/arbeitskreis-zwingenberger-synagoge.de\/wordpress\/wp-content\/uploads\/2026\/06\/cropped-Wordpress_Icon.png","width":512,"height":512,"caption":"Arbeitskreis Zwingenberger Synagoge e.V."},"image":{"@id":"https:\/\/arbeitskreis-zwingenberger-synagoge.de\/wordpress\/#\/schema\/logo\/image\/"}}]}},"_links":{"self":[{"href":"https:\/\/arbeitskreis-zwingenberger-synagoge.de\/wordpress\/wp-json\/wp\/v2\/pages\/23","targetHints":{"allow":["GET"]}}],"collection":[{"href":"https:\/\/arbeitskreis-zwingenberger-synagoge.de\/wordpress\/wp-json\/wp\/v2\/pages"}],"about":[{"href":"https:\/\/arbeitskreis-zwingenberger-synagoge.de\/wordpress\/wp-json\/wp\/v2\/types\/page"}],"author":[{"embeddable":true,"href":"https:\/\/arbeitskreis-zwingenberger-synagoge.de\/wordpress\/wp-json\/wp\/v2\/users\/1"}],"replies":[{"embeddable":true,"href":"https:\/\/arbeitskreis-zwingenberger-synagoge.de\/wordpress\/wp-json\/wp\/v2\/comments?post=23"}],"version-history":[{"count":34,"href":"https:\/\/arbeitskreis-zwingenberger-synagoge.de\/wordpress\/wp-json\/wp\/v2\/pages\/23\/revisions"}],"predecessor-version":[{"id":408,"href":"https:\/\/arbeitskreis-zwingenberger-synagoge.de\/wordpress\/wp-json\/wp\/v2\/pages\/23\/revisions\/408"}],"wp:attachment":[{"href":"https:\/\/arbeitskreis-zwingenberger-synagoge.de\/wordpress\/wp-json\/wp\/v2\/media?parent=23"}],"curies":[{"name":"wp","href":"https:\/\/api.w.org\/{rel}","templated":true}]}}