{"id":191,"date":"2026-08-04T14:09:26","date_gmt":"2026-08-04T12:09:26","guid":{"rendered":"https:\/\/arbeitskreis-zwingenberger-synagoge.de\/wordpress\/?page_id=191"},"modified":"2026-09-01T13:01:20","modified_gmt":"2026-09-01T11:01:20","slug":"konzert-mit-klezmers-techter-und-shai-terry-am-12-september","status":"publish","type":"page","link":"https:\/\/arbeitskreis-zwingenberger-synagoge.de\/wordpress\/","title":{"rendered":"Konzert am 13. September 26"},"content":{"rendered":"\n<h2 class=\"wp-block-heading has-text-align-center alignwide\"><strong>H\u00f6r-mal im Denkmal: Konzert mit Klezmers Techter<\/strong><\/h2>\n\n\n\n<p class=\"alignwide wp-block-paragraph\">Das Ensemble Klezmers Techter und die Mezzosopranistin Shai Terry gastieren nach dem gro\u00dfen Erfolg 2023 wieder in der \u00e4ltesten Stadt an der Bergstra\u00dfe: Das Konzert der vier Musikerinnen beginnt <strong>am 13. September (Sonntag) um 17 Uhr im Diefenbachsaal im Bunten L\u00f6wen<\/strong>. Es wird veranstaltet vom Arbeitskreis Zwingenberger Synagoge e.V. in der Reihe \u201eH\u00f6r-mal im  Denkmal\u201c der Sparkasse-Kulturstiftung Hessen-Th\u00fcringen.&nbsp;Der Diefenbachsaal ist \u00fcber eine Rampe und mit Aufzug f\u00fcr alle Menschen zug\u00e4nglich.<\/p>\n\n\n\n<h3 class=\"wp-block-heading has-text-align-center\">Vorverkauf<\/h3>\n\n\n\n<p class=\"alignwide wp-block-paragraph\">Da die Anzahl der Sitzpl\u00e4tze begrenzt ist, empfehlen wir Ihnen, fr\u00fchzeitig den Vorverkauf zu nutzen. Konzertkarten bekommen Sie bei <a href=\"https:\/\/maps.app.goo.gl\/ZP99V1oLDrpdxuMe8\">Tabak &amp; Zeitschriften Trautmann<\/a>, Darmst\u00e4dter Stra\u00dfe 8, Zwingenberg. Es gilt eine freie Platzwahl. <\/p>\n\n\n\n<h4 class=\"wp-block-heading has-vivid-red-background-color has-background\">Aktueller Hinweis vom 01.09.:<br>Es gibt nur noch wenige Restkarten, die Sie nur noch bei Tabak &amp; Zeitschriften Trautmann erhalten k\u00f6nnen. <\/h4>\n\n\n\n\n\n\n\n<div style=\"height:25px\" aria-hidden=\"true\" class=\"wp-block-spacer\"><\/div>\n\n\n\n<h3 class=\"wp-block-heading has-text-align-center alignwide\"><strong>Die K\u00fcnstlerinnen<\/strong> und ihr Programm<\/h3>\n\n\n\n<p class=\"alignwide wp-block-paragraph\"><strong>\u201eShevana\u201c<\/strong> nennen die israelische S\u00e4ngerin <a href=\"https:\/\/www.shaiterry.de\">Shai Terry<\/a> und das Trio <a href=\"https:\/\/klezmerstechter.de\">Klezmers Techter<\/a> ihr Musikprogramm. \u201eDieser Name steht symbolisch f\u00fcr die hebr\u00e4ischen W\u00f6rter \u201eShemesh\u201c und \u201eLevant\u201c, Sonne und Mond. Klezmers Techter machen diese Musik f\u00fcr Zuh\u00f6rerinnen und Zuh\u00f6rer auf besondere Weise erlebbar: von tiefer Melancholie bis zu \u00fcberschw\u00e4nglicher Lebensfreude.&nbsp;<\/p>\n\n\n\n<p class=\"alignwide wp-block-paragraph\">Gr\u00fcnderin von \u201eKlezmers Techter\u201c, die seit 1994 auftreten, ist <strong>Gabriela Kaufmann<\/strong>, die meisterhaft Klarinette und Bassklarinette beherrscht. Nach einer klassischen Ausbildung wurde sie Sch\u00fclerin des ber\u00fchmten Musikers Giora Feidmann, dem sie ihre gro\u00dfe Leidenschaft f\u00fcr die Klezmer-Musik verdankt. Erg\u00e4nzt wird Kaufmanns facettenreiches Spiel von <strong>Almut Schwab<\/strong>, die mit sehr viel Temperament, Humor und gro\u00dfer Professionalit\u00e4t Akkordeon, Fl\u00f6te und Hackbrett erklingen l\u00e4sst \u2013 und dies zum Teil mit atemberaubender Geschwindigkeit. Ausgebildet als Jazz-Bassistin spielt <strong>Nina Hacker<\/strong> seit 2010 bei Klezmers Techter \u2013 meist der ruhende und bereichernde Pol in dem Trio.&nbsp;<\/p>\n\n\n\n<p class=\"alignwide wp-block-paragraph\">Die israelische Mezzosopranistin <strong>Shai Terry<\/strong> hat zun\u00e4chst an der Buchmann-Mehta Musikhochschule in Tel Aviv Operngesang studiert. Ihr dortiges  Bachelor-Studium schloss sie mit Auszeichnung ab. Sie war Solos\u00e4ngerin im Orchester der International Defence Forces mit Benefizkonzerten in den USA. An der Musikhochschule Mainz absolvierte sie das Masterstudium Sologesang. Shai Terry tritt regelm\u00e4\u00dfig bei Festivals und Konzerten von Hamburg bis M\u00fcnchen auf.&nbsp;<\/p>\n\n\n\n<div class=\"wp-block-columns is-layout-flex wp-container-core-columns-is-layout-f56f613f wp-block-columns-is-layout-flex\">\n<div class=\"wp-block-column is-layout-flow wp-block-column-is-layout-flow\">\n<figure class=\"wp-block-image aligncenter size-large is-resized is-style-rounded\"><img decoding=\"async\" src=\"https:\/\/klezmerstechter.de\/wp-content\/uploads\/2021\/07\/Klezmers_Techter1-scaled.jpg\" alt=\"\" style=\"width:265px;height:auto\"\/><\/figure>\n\n\n\n<div class=\"wp-block-buttons is-content-justification-center is-layout-flex wp-container-core-buttons-is-layout-20959078 wp-block-buttons-is-layout-flex\">\n<div class=\"wp-block-button is-style-outline is-style-outline--1\"><a class=\"wp-block-button__link wp-element-button\">Mehr Zu Klezmers Techter<\/a><\/div>\n<\/div>\n<\/div>\n\n\n\n<div class=\"wp-block-column is-layout-flow wp-block-column-is-layout-flow\">\n<figure class=\"wp-block-image size-large is-style-rounded\"><img decoding=\"async\" src=\"https:\/\/primary.jwwb.nl\/public\/o\/i\/c\/temp-pyydfixdixiciqcakcjl\/img_0996-high.jpg\" alt=\"\"\/><\/figure>\n\n\n\n<div class=\"wp-block-buttons is-content-justification-center is-layout-flex wp-container-core-buttons-is-layout-20959078 wp-block-buttons-is-layout-flex\">\n<div class=\"wp-block-button is-style-outline is-style-outline--2\"><a class=\"wp-block-button__link wp-element-button\">Mehr Zu Shai Terry<\/a><\/div>\n<\/div>\n<\/div>\n<\/div>\n\n\n\n<div style=\"height:25px\" aria-hidden=\"true\" class=\"wp-block-spacer\"><\/div>\n\n\n\n<h3 class=\"wp-block-heading has-text-align-center alignwide\"><strong><strong>Die Veranstaltungsreihe H\u00f6r-mal im Denkmal \u2013 und der Diefenbachsaal<\/strong><\/strong><\/h3>\n\n\n\n<p class=\"alignwide wp-block-paragraph\">Die Veranstaltungsreihe \u201eH\u00f6r-mal im Denkmal\u201c startete bereits 1992. Zwingenberg ist in diesem Jahr zum ersten Mal dabei. \u201eInzwischen ist die Reihe mit 40 Veranstaltungen zum Tag des offenen Denkmals eine feste Gr\u00f6\u00dfe im Kulturleben Hessens und Th\u00fcringens\u201c, so Bettina Riehl. Sie ist die Organisatorin dieses Programms bei der Sparkassen-Kulturstiftung und lebt in Zwingenberg. Ziel der F\u00f6rderung ist es, denkmalgesch\u00fctzte Geb\u00e4ude in der Region mit Konzerten, Kabarett und Kleinkunst erlebbar zu machen. Da ist das bereits 1595 erbaute Gasthaus \u201eZum bunten L\u00f6wen\u201c in Zwingenberg ein idealer Spielort, und auch der Diefenbachsaal, benannt nach dem liberalen Politiker <a href=\"https:\/\/de.wikipedia.org\/wiki\/Georg_Dieffenbach_(Politiker)\">Georg Dieffenbach<\/a>&nbsp;(1787\u20131848), der an der Spitze der hessischen Verfassungsbewegung stand.<\/p>\n\n\n\n<div style=\"height:30px\" aria-hidden=\"true\" class=\"wp-block-spacer\"><\/div>\n\n\n\n<p class=\"has-text-align-left alignwide wp-block-paragraph\">Wir freuen uns sehr darauf, Sie zu diesem besonderen Konzertabend in Zwingenberg begr\u00fc\u00dfen zu d\u00fcrfen, und bedanken uns herzlich bei der Sparkassen-Kulturstiftung Hessen-Th\u00fcringen f\u00fcr die Unterst\u00fctzung.<\/p>\n\n\n\n<div style=\"height:25px\" aria-hidden=\"true\" class=\"wp-block-spacer\"><\/div>\n\n\n\n<div class=\"wp-block-buttons alignwide is-content-justification-center is-layout-flex wp-container-core-buttons-is-layout-20959078 wp-block-buttons-is-layout-flex\">\n\n\n<div class=\"wp-block-button is-style-outline is-style-outline--3\"><a class=\"wp-block-button__link wp-element-button\" href=\"https:\/\/arbeitskreis-zwingenberger-synagoge.de\/wordpress\/wp-content\/uploads\/2026\/07\/Plakat_jpg-scaled.jpg\">Plakat Herunterladen<\/a><\/div>\n<\/div>\n\n\n\n<div style=\"height:25px\" aria-hidden=\"true\" class=\"wp-block-spacer\"><\/div>\n\n\n\n<div class=\"wp-block-columns alignwide is-layout-flex wp-container-core-columns-is-layout-f56f613f wp-block-columns-is-layout-flex\">\n<div class=\"wp-block-column is-layout-flow wp-block-column-is-layout-flow\">\n<figure class=\"wp-block-image aligncenter size-large is-resized wp-duotone-unset-4\"><img loading=\"lazy\" decoding=\"async\" width=\"1024\" height=\"320\" src=\"https:\/\/arbeitskreis-zwingenberger-synagoge.de\/wordpress\/wp-content\/uploads\/2026\/08\/Logo_Wort_Plakat_FFFFFF-1024x320.png\" alt=\"\" class=\"wp-image-229\" style=\"width:387px;height:auto\" srcset=\"https:\/\/arbeitskreis-zwingenberger-synagoge.de\/wordpress\/wp-content\/uploads\/2026\/08\/Logo_Wort_Plakat_FFFFFF-1024x320.png 1024w, https:\/\/arbeitskreis-zwingenberger-synagoge.de\/wordpress\/wp-content\/uploads\/2026\/08\/Logo_Wort_Plakat_FFFFFF-300x94.png 300w, https:\/\/arbeitskreis-zwingenberger-synagoge.de\/wordpress\/wp-content\/uploads\/2026\/08\/Logo_Wort_Plakat_FFFFFF-768x240.png 768w, https:\/\/arbeitskreis-zwingenberger-synagoge.de\/wordpress\/wp-content\/uploads\/2026\/08\/Logo_Wort_Plakat_FFFFFF.png 1331w\" sizes=\"auto, (max-width: 1024px) 100vw, 1024px\" \/><\/figure>\n<\/div>\n\n\n\n<div class=\"wp-block-column is-layout-flow wp-block-column-is-layout-flow\">\n<figure class=\"wp-block-image aligncenter size-large is-resized\"><img loading=\"lazy\" decoding=\"async\" width=\"1024\" height=\"292\" src=\"https:\/\/arbeitskreis-zwingenberger-synagoge.de\/wordpress\/wp-content\/uploads\/2026\/08\/Kultur-HT_Marke_rgb_auf_weiss-1024x292.jpg\" alt=\"\" class=\"wp-image-228\" style=\"aspect-ratio:3.5069999141114834;width:421px;height:auto\" srcset=\"https:\/\/arbeitskreis-zwingenberger-synagoge.de\/wordpress\/wp-content\/uploads\/2026\/08\/Kultur-HT_Marke_rgb_auf_weiss-1024x292.jpg 1024w, https:\/\/arbeitskreis-zwingenberger-synagoge.de\/wordpress\/wp-content\/uploads\/2026\/08\/Kultur-HT_Marke_rgb_auf_weiss-300x86.jpg 300w, https:\/\/arbeitskreis-zwingenberger-synagoge.de\/wordpress\/wp-content\/uploads\/2026\/08\/Kultur-HT_Marke_rgb_auf_weiss-768x219.jpg 768w, https:\/\/arbeitskreis-zwingenberger-synagoge.de\/wordpress\/wp-content\/uploads\/2026\/08\/Kultur-HT_Marke_rgb_auf_weiss-1536x438.jpg 1536w, https:\/\/arbeitskreis-zwingenberger-synagoge.de\/wordpress\/wp-content\/uploads\/2026\/08\/Kultur-HT_Marke_rgb_auf_weiss-2048x585.jpg 2048w\" sizes=\"auto, (max-width: 1024px) 100vw, 1024px\" \/><\/figure>\n<\/div>\n<\/div>\n","protected":false},"excerpt":{"rendered":"<p>H\u00f6r-mal im Denkmal: Konzert mit Klezmers Techter Das Ensemble Klezmers Techter und die Mezzosopranistin Shai Terry gastieren nach dem gro\u00dfen Erfolg 2023 wieder in der \u00e4ltesten Stadt an der Bergstra\u00dfe: Das Konzert der vier Musikerinnen beginnt am 13. September (Sonntag) um 17 Uhr im Diefenbachsaal im Bunten L\u00f6wen. Es wird veranstaltet vom Arbeitskreis Zwingenberger Synagoge [&hellip;]<\/p>\n","protected":false},"author":1,"featured_media":422,"parent":0,"menu_order":0,"comment_status":"closed","ping_status":"closed","template":"","meta":{"footnotes":""},"class_list":["post-191","page","type-page","status-publish","has-post-thumbnail","hentry"],"yoast_head":"<!-- This site is optimized with the Yoast SEO plugin v28.4 - https:\/\/yoast.com\/product\/yoast-seo-wordpress\/ -->\n<title>Konzert am 13. September 26 - Arbeitskreis Zwingenberger Synagoge e.V.<\/title>\n<meta name=\"description\" content=\"Erleben Sie Klezmers Techter und Shai Terry live in Zwingenberg: Klezmer, Gesang und j\u00fcdische Musik im historischen Diefenbachsaal. Jetzt Karten sichern!\" \/>\n<meta name=\"robots\" content=\"index, follow, max-snippet:-1, max-image-preview:large, max-video-preview:-1\" \/>\n<link rel=\"canonical\" href=\"https:\/\/arbeitskreis-zwingenberger-synagoge.de\/wordpress\/\" \/>\n<meta property=\"og:locale\" content=\"de_DE\" \/>\n<meta property=\"og:type\" content=\"article\" \/>\n<meta property=\"og:title\" content=\"Konzert am 13. September 26 - Arbeitskreis Zwingenberger Synagoge e.V.\" \/>\n<meta property=\"og:description\" content=\"Erleben Sie Klezmers Techter und Shai Terry live in Zwingenberg: Klezmer, Gesang und j\u00fcdische Musik im historischen Diefenbachsaal. Jetzt Karten sichern!\" \/>\n<meta property=\"og:url\" content=\"https:\/\/arbeitskreis-zwingenberger-synagoge.de\/wordpress\/\" \/>\n<meta property=\"og:site_name\" content=\"Arbeitskreis Zwingenberger Synagoge e.V.\" \/>\n<meta property=\"article:modified_time\" content=\"2026-09-01T11:01:20+00:00\" \/>\n<meta property=\"og:image\" content=\"https:\/\/arbeitskreis-zwingenberger-synagoge.de\/wordpress\/wp-content\/uploads\/2026\/09\/Plakat_quer_Restkarten-scaled.jpg\" \/>\n\t<meta property=\"og:image:width\" content=\"2560\" \/>\n\t<meta property=\"og:image:height\" content=\"1836\" \/>\n\t<meta property=\"og:image:type\" content=\"image\/jpeg\" \/>\n<meta name=\"twitter:card\" content=\"summary_large_image\" \/>\n<meta name=\"twitter:label1\" content=\"Gesch\u00e4tzte Lesezeit\" \/>\n\t<meta name=\"twitter:data1\" content=\"5\u00a0Minuten\" \/>\n<script type=\"application\/ld+json\" class=\"yoast-schema-graph\">{\"@context\":\"https:\\\/\\\/schema.org\",\"@graph\":[{\"@type\":\"WebPage\",\"@id\":\"https:\\\/\\\/arbeitskreis-zwingenberger-synagoge.de\\\/wordpress\\\/\",\"url\":\"https:\\\/\\\/arbeitskreis-zwingenberger-synagoge.de\\\/wordpress\\\/\",\"name\":\"Konzert am 13. September 26 - Arbeitskreis Zwingenberger Synagoge e.V.\",\"isPartOf\":{\"@id\":\"https:\\\/\\\/arbeitskreis-zwingenberger-synagoge.de\\\/wordpress\\\/#website\"},\"primaryImageOfPage\":{\"@id\":\"https:\\\/\\\/arbeitskreis-zwingenberger-synagoge.de\\\/wordpress\\\/#primaryimage\"},\"image\":{\"@id\":\"https:\\\/\\\/arbeitskreis-zwingenberger-synagoge.de\\\/wordpress\\\/#primaryimage\"},\"thumbnailUrl\":\"https:\\\/\\\/arbeitskreis-zwingenberger-synagoge.de\\\/wordpress\\\/wp-content\\\/uploads\\\/2026\\\/09\\\/Plakat_quer_Restkarten-scaled.jpg\",\"datePublished\":\"2026-08-04T12:09:26+00:00\",\"dateModified\":\"2026-09-01T11:01:20+00:00\",\"description\":\"Erleben Sie Klezmers Techter und Shai Terry live in Zwingenberg: Klezmer, Gesang und j\u00fcdische Musik im historischen Diefenbachsaal. Jetzt Karten sichern!\",\"breadcrumb\":{\"@id\":\"https:\\\/\\\/arbeitskreis-zwingenberger-synagoge.de\\\/wordpress\\\/#breadcrumb\"},\"inLanguage\":\"de\",\"potentialAction\":[{\"@type\":\"ReadAction\",\"target\":[\"https:\\\/\\\/arbeitskreis-zwingenberger-synagoge.de\\\/wordpress\\\/\"]}]},{\"@type\":\"ImageObject\",\"inLanguage\":\"de\",\"@id\":\"https:\\\/\\\/arbeitskreis-zwingenberger-synagoge.de\\\/wordpress\\\/#primaryimage\",\"url\":\"https:\\\/\\\/arbeitskreis-zwingenberger-synagoge.de\\\/wordpress\\\/wp-content\\\/uploads\\\/2026\\\/09\\\/Plakat_quer_Restkarten-scaled.jpg\",\"contentUrl\":\"https:\\\/\\\/arbeitskreis-zwingenberger-synagoge.de\\\/wordpress\\\/wp-content\\\/uploads\\\/2026\\\/09\\\/Plakat_quer_Restkarten-scaled.jpg\",\"width\":2560,\"height\":1836},{\"@type\":\"BreadcrumbList\",\"@id\":\"https:\\\/\\\/arbeitskreis-zwingenberger-synagoge.de\\\/wordpress\\\/#breadcrumb\",\"itemListElement\":[{\"@type\":\"ListItem\",\"position\":1,\"name\":\"Start\",\"item\":\"https:\\\/\\\/arbeitskreis-zwingenberger-synagoge.de\\\/wordpress\\\/\"},{\"@type\":\"ListItem\",\"position\":2,\"name\":\"Konzert am 13. September 26\"}]},{\"@type\":\"WebSite\",\"@id\":\"https:\\\/\\\/arbeitskreis-zwingenberger-synagoge.de\\\/wordpress\\\/#website\",\"url\":\"https:\\\/\\\/arbeitskreis-zwingenberger-synagoge.de\\\/wordpress\\\/\",\"name\":\"Arbeitskreis Zwingenberger Synagoge e.V.\",\"description\":\"\",\"publisher\":{\"@id\":\"https:\\\/\\\/arbeitskreis-zwingenberger-synagoge.de\\\/wordpress\\\/#organization\"},\"potentialAction\":[{\"@type\":\"SearchAction\",\"target\":{\"@type\":\"EntryPoint\",\"urlTemplate\":\"https:\\\/\\\/arbeitskreis-zwingenberger-synagoge.de\\\/wordpress\\\/?s={search_term_string}\"},\"query-input\":{\"@type\":\"PropertyValueSpecification\",\"valueRequired\":true,\"valueName\":\"search_term_string\"}}],\"inLanguage\":\"de\"},{\"@type\":\"Organization\",\"@id\":\"https:\\\/\\\/arbeitskreis-zwingenberger-synagoge.de\\\/wordpress\\\/#organization\",\"name\":\"Arbeitskreis Zwingenberger Synagoge e.V.\",\"url\":\"https:\\\/\\\/arbeitskreis-zwingenberger-synagoge.de\\\/wordpress\\\/\",\"logo\":{\"@type\":\"ImageObject\",\"inLanguage\":\"de\",\"@id\":\"https:\\\/\\\/arbeitskreis-zwingenberger-synagoge.de\\\/wordpress\\\/#\\\/schema\\\/logo\\\/image\\\/\",\"url\":\"https:\\\/\\\/arbeitskreis-zwingenberger-synagoge.de\\\/wordpress\\\/wp-content\\\/uploads\\\/2026\\\/06\\\/cropped-Wordpress_Icon.png\",\"contentUrl\":\"https:\\\/\\\/arbeitskreis-zwingenberger-synagoge.de\\\/wordpress\\\/wp-content\\\/uploads\\\/2026\\\/06\\\/cropped-Wordpress_Icon.png\",\"width\":512,\"height\":512,\"caption\":\"Arbeitskreis Zwingenberger Synagoge e.V.\"},\"image\":{\"@id\":\"https:\\\/\\\/arbeitskreis-zwingenberger-synagoge.de\\\/wordpress\\\/#\\\/schema\\\/logo\\\/image\\\/\"}}]}<\/script>\n<!-- \/ Yoast SEO plugin. -->","yoast_head_json":{"title":"Konzert am 13. September 26 - Arbeitskreis Zwingenberger Synagoge e.V.","description":"Erleben Sie Klezmers Techter und Shai Terry live in Zwingenberg: Klezmer, Gesang und j\u00fcdische Musik im historischen Diefenbachsaal. Jetzt Karten sichern!","robots":{"index":"index","follow":"follow","max-snippet":"max-snippet:-1","max-image-preview":"max-image-preview:large","max-video-preview":"max-video-preview:-1"},"canonical":"https:\/\/arbeitskreis-zwingenberger-synagoge.de\/wordpress\/","og_locale":"de_DE","og_type":"article","og_title":"Konzert am 13. September 26 - Arbeitskreis Zwingenberger Synagoge e.V.","og_description":"Erleben Sie Klezmers Techter und Shai Terry live in Zwingenberg: Klezmer, Gesang und j\u00fcdische Musik im historischen Diefenbachsaal. Jetzt Karten sichern!","og_url":"https:\/\/arbeitskreis-zwingenberger-synagoge.de\/wordpress\/","og_site_name":"Arbeitskreis Zwingenberger Synagoge e.V.","article_modified_time":"2026-09-01T11:01:20+00:00","og_image":[{"width":2560,"height":1836,"url":"https:\/\/arbeitskreis-zwingenberger-synagoge.de\/wordpress\/wp-content\/uploads\/2026\/09\/Plakat_quer_Restkarten-scaled.jpg","type":"image\/jpeg"}],"twitter_card":"summary_large_image","twitter_misc":{"Gesch\u00e4tzte Lesezeit":"5\u00a0Minuten"},"schema":{"@context":"https:\/\/schema.org","@graph":[{"@type":"WebPage","@id":"https:\/\/arbeitskreis-zwingenberger-synagoge.de\/wordpress\/","url":"https:\/\/arbeitskreis-zwingenberger-synagoge.de\/wordpress\/","name":"Konzert am 13. September 26 - Arbeitskreis Zwingenberger Synagoge e.V.","isPartOf":{"@id":"https:\/\/arbeitskreis-zwingenberger-synagoge.de\/wordpress\/#website"},"primaryImageOfPage":{"@id":"https:\/\/arbeitskreis-zwingenberger-synagoge.de\/wordpress\/#primaryimage"},"image":{"@id":"https:\/\/arbeitskreis-zwingenberger-synagoge.de\/wordpress\/#primaryimage"},"thumbnailUrl":"https:\/\/arbeitskreis-zwingenberger-synagoge.de\/wordpress\/wp-content\/uploads\/2026\/09\/Plakat_quer_Restkarten-scaled.jpg","datePublished":"2026-08-04T12:09:26+00:00","dateModified":"2026-09-01T11:01:20+00:00","description":"Erleben Sie Klezmers Techter und Shai Terry live in Zwingenberg: Klezmer, Gesang und j\u00fcdische Musik im historischen Diefenbachsaal. Jetzt Karten sichern!","breadcrumb":{"@id":"https:\/\/arbeitskreis-zwingenberger-synagoge.de\/wordpress\/#breadcrumb"},"inLanguage":"de","potentialAction":[{"@type":"ReadAction","target":["https:\/\/arbeitskreis-zwingenberger-synagoge.de\/wordpress\/"]}]},{"@type":"ImageObject","inLanguage":"de","@id":"https:\/\/arbeitskreis-zwingenberger-synagoge.de\/wordpress\/#primaryimage","url":"https:\/\/arbeitskreis-zwingenberger-synagoge.de\/wordpress\/wp-content\/uploads\/2026\/09\/Plakat_quer_Restkarten-scaled.jpg","contentUrl":"https:\/\/arbeitskreis-zwingenberger-synagoge.de\/wordpress\/wp-content\/uploads\/2026\/09\/Plakat_quer_Restkarten-scaled.jpg","width":2560,"height":1836},{"@type":"BreadcrumbList","@id":"https:\/\/arbeitskreis-zwingenberger-synagoge.de\/wordpress\/#breadcrumb","itemListElement":[{"@type":"ListItem","position":1,"name":"Start","item":"https:\/\/arbeitskreis-zwingenberger-synagoge.de\/wordpress\/"},{"@type":"ListItem","position":2,"name":"Konzert am 13. September 26"}]},{"@type":"WebSite","@id":"https:\/\/arbeitskreis-zwingenberger-synagoge.de\/wordpress\/#website","url":"https:\/\/arbeitskreis-zwingenberger-synagoge.de\/wordpress\/","name":"Arbeitskreis Zwingenberger Synagoge e.V.","description":"","publisher":{"@id":"https:\/\/arbeitskreis-zwingenberger-synagoge.de\/wordpress\/#organization"},"potentialAction":[{"@type":"SearchAction","target":{"@type":"EntryPoint","urlTemplate":"https:\/\/arbeitskreis-zwingenberger-synagoge.de\/wordpress\/?s={search_term_string}"},"query-input":{"@type":"PropertyValueSpecification","valueRequired":true,"valueName":"search_term_string"}}],"inLanguage":"de"},{"@type":"Organization","@id":"https:\/\/arbeitskreis-zwingenberger-synagoge.de\/wordpress\/#organization","name":"Arbeitskreis Zwingenberger Synagoge e.V.","url":"https:\/\/arbeitskreis-zwingenberger-synagoge.de\/wordpress\/","logo":{"@type":"ImageObject","inLanguage":"de","@id":"https:\/\/arbeitskreis-zwingenberger-synagoge.de\/wordpress\/#\/schema\/logo\/image\/","url":"https:\/\/arbeitskreis-zwingenberger-synagoge.de\/wordpress\/wp-content\/uploads\/2026\/06\/cropped-Wordpress_Icon.png","contentUrl":"https:\/\/arbeitskreis-zwingenberger-synagoge.de\/wordpress\/wp-content\/uploads\/2026\/06\/cropped-Wordpress_Icon.png","width":512,"height":512,"caption":"Arbeitskreis Zwingenberger Synagoge e.V."},"image":{"@id":"https:\/\/arbeitskreis-zwingenberger-synagoge.de\/wordpress\/#\/schema\/logo\/image\/"}}]}},"_links":{"self":[{"href":"https:\/\/arbeitskreis-zwingenberger-synagoge.de\/wordpress\/wp-json\/wp\/v2\/pages\/191","targetHints":{"allow":["GET"]}}],"collection":[{"href":"https:\/\/arbeitskreis-zwingenberger-synagoge.de\/wordpress\/wp-json\/wp\/v2\/pages"}],"about":[{"href":"https:\/\/arbeitskreis-zwingenberger-synagoge.de\/wordpress\/wp-json\/wp\/v2\/types\/page"}],"author":[{"embeddable":true,"href":"https:\/\/arbeitskreis-zwingenberger-synagoge.de\/wordpress\/wp-json\/wp\/v2\/users\/1"}],"replies":[{"embeddable":true,"href":"https:\/\/arbeitskreis-zwingenberger-synagoge.de\/wordpress\/wp-json\/wp\/v2\/comments?post=191"}],"version-history":[{"count":33,"href":"https:\/\/arbeitskreis-zwingenberger-synagoge.de\/wordpress\/wp-json\/wp\/v2\/pages\/191\/revisions"}],"predecessor-version":[{"id":420,"href":"https:\/\/arbeitskreis-zwingenberger-synagoge.de\/wordpress\/wp-json\/wp\/v2\/pages\/191\/revisions\/420"}],"wp:featuredmedia":[{"embeddable":true,"href":"https:\/\/arbeitskreis-zwingenberger-synagoge.de\/wordpress\/wp-json\/wp\/v2\/media\/422"}],"wp:attachment":[{"href":"https:\/\/arbeitskreis-zwingenberger-synagoge.de\/wordpress\/wp-json\/wp\/v2\/media?parent=191"}],"curies":[{"name":"wp","href":"https:\/\/api.w.org\/{rel}","templated":true}]}}