{"id":134,"date":"2026-06-09T21:40:43","date_gmt":"2026-06-09T21:40:43","guid":{"rendered":"https:\/\/arbeitskreis-zwingenberger-synagoge.de\/wordpress\/?page_id=134"},"modified":"2026-08-21T23:11:13","modified_gmt":"2026-08-21T21:11:13","slug":"hans-gaertner","status":"publish","type":"page","link":"https:\/\/arbeitskreis-zwingenberger-synagoge.de\/wordpress\/stolpersteine_stolperschwelle\/hans-gaertner\/","title":{"rendered":"Hans G\u00e4rtner"},"content":{"rendered":"\n<p class=\"alignwide wp-block-paragraph\">\u201eIch erkl\u00e4re hiermit, dass unsere Glaubenslehre verbietet, jemals einen Glaubensgenossen von uns zu verraten. Ich halte mich streng an diese Weisung und richte mich stets danach.\u201c Hans G\u00e4rtner lie\u00df sich nicht dazu hinrei\u00dfen, andere Zeugen Jehovas zu verraten, als er am 24. April 1935 in Schutzhaft kam und sp\u00e4ter von dem Darmst\u00e4dter Sondergericht zu einer Gef\u00e4ngnisstrafe verurteilt wurde. Die Zwingenberger B\u00fcrgermeisterei hatte bezeugt, dass G\u00e4rtner \u201epolitisch als staatsfeindlich bekannt, sonst gut, arbeitswillig\u201c sei.<br><br>Die Liste der Gendarmerie Zwingenberg benannte elf Zeugen Jehovas: Neben Hans G\u00e4rtner noch Adam Heim, Heinrich Sch\u00e4fer, Adam M\u00fctz, Peter Voltz, Peter G\u00f6tz, Johann Georg Nickels, Wilhelmine Nickels, Johannes Fieberling, Heinrich Schuchmann und Margarethe G\u00f6tz. In den 1920er Jahren erfuhr die Internationale Bibelforscher-Vereinigung, die im ausgehenden 19. Jahrhundert in den USA von Charles Taze Russel gegr\u00fcndet wurde und sich erst ab 1931 Zeugen Jehovas nannte, \u00fcberall in Deutschland gro\u00dfen Zuspruch \u2013 nicht nur an der Bergstra\u00dfe. Das Gottesverst\u00e4ndnis unterscheidet sich von anderen christlichen Kirchen. Der \u201eallm\u00e4chtige und ewige Gott Jehova\u201c wird als unsichtbarer Geist gesehen. Die Zeugen Jehovas lehnen die Dreifaltigkeit ab, sehen Jesus als \u201eeinen Gott\u201c an, der nicht wesenseins mit Gott ist. Wann die \u201eletzten Tage\u201c und damit die \u201eZeiten der Heiden\u201c enden, und anschlie\u00dfend die 1000 Jahrherrschaft mit der K\u00f6nigsherrschaft Christi auf Erden beginnen soll, wurde schon mehrmals festgelegt und nach Ablauf des Zeitpunkts neu prophezeit.<br><br>Aber zur\u00fcck zu:<br><br>Hans G\u00e4rtner, Sohn eines Lorscher Zigarrenarbeiters, kam nach seiner Friseurlehre 1925 zum ersten Mal nach Zwingenberg in die Obergasse: Er arbeitete im Salon Heinrich Lampert in der Obergasse 21. Dann zog es ihn f\u00fcr drei Jahre auf die andere Seite des Rheins nach Kirchheimbolanden in der Pfalz, aber 1928 kam der junge Mann zur\u00fcck nach Zwingenberg \u2013 zun\u00e4chst wieder in den Salon Lampert, bevor er im M\u00e4rz 1930 sein eigenes Gewerbe f\u00fcr \u201eFriseur\/Handel mit Toilettenartikel\u201c er\u00f6ffnet. Wo dieses Gesch\u00e4ft zun\u00e4chst war, geht aus den mir bekannten Quellen nicht hervor.&nbsp;<br><br>Die Heirat mit der Zwingenbergerin Dora Schuch 1933 lie\u00df ihn hier sesshaft werden, schon bald wurden die beiden Kinder Elisabeth (1935) und Johannes (1936) geboren. Als die j\u00fcdische Familie Schack sich gezwungen sah, ihr Haus in der Obergasse 3 zu verkaufen, erwarb es die Schwiegermutter von Hans G\u00e4rtner \u2013 unten machte er seinen Ein-Mann-Salon auf, oben wohnte die Familie.<br><br>Seit 1927 bekannte sich G\u00e4rtner zu den Zeugen Jehovas, er nahm regelm\u00e4\u00dfig an den Zusammenk\u00fcnften der Glaubensgemeinschaft bei Johann Georg Nickel in der Wiesenstra\u00dfe 14 teil, die von der lokalen NSDAP und der Gestapo Darmstadt bespitzelt wurden.<br><br>Die Zeugen Jehovas standen seit 1933 in Opposition zu den nationalsozialistischen Machthabern: Sie lehnten den \u201eDeutschen Gru\u00df\u201c ab, verweigerten die Mitgliedschaft in politischen Organisationen wie \u201eDeutsche Arbeitsfront\u201c und \u201eHitler-Jugend\u201c und waren strikt gegen den Milit\u00e4rdienst. Vom Zwingenberger Zeugen Jehovas Adam Heim wird berichtet, dass er nach den schrecklichen Fronterlebnissen im Ersten Weltkrieg sagte: \u201eWir haben da auf Leute geschossen, die wir gar nicht kannten. Das mache ich nie wieder!\u201c In ihren Publikationen wie \u201eWachturm\u201c prangerten die Bibelforscher die Gr\u00e4ueltaten der Nazis an, nannten sogar Namen von verantwortlichen Gestapo-Leuten \u2013 nicht zuletzt deshalb wurden Wohnungen der Zeugen Jehovas immer wieder nach derartigen Druckschriften durchsucht.<br><br>Zwar waren diese Durchsuchungen bei G\u00e4rtners ergebnislos, doch 1936 wurde Hans G\u00e4rtner erneut zu sechs Monaten Gef\u00e4ngnis verurteilt. Nur zwei Monate war er wieder auf freiem Fu\u00df und arbeitete in seinem Friseurgesch\u00e4ft, als ihn der Kreisleiter der NSDAP Bensheim, Br\u00fcckmann, erneut anschw\u00e4rzte: Am 7. April 1937 schrieb er an das Bensheimer Kreisamt: \u201eWenn G\u00e4rtner wiederholt wegen illegaler Bet\u00e4tigung bestraft wurde, dann m\u00fcsste m.E. das Gesch\u00e4ft einmal endg\u00fcltig geschlossen werden.\u201c Zwingenberger Nazis suchten G\u00e4rtner in seinem Laden auf und drohten ihm, als er ihren \u201eHeil Hitler\u201c mit \u201eGr\u00fc\u00df Gott\u201c beantwortete. Wegen Nichterwiderung des Hitler-Gru\u00dfes wurde er am 14. Juni 1937 erneut verhaftet und kam am 26. Juli in das KZ Dachau \u2013 mit der H\u00e4ftlingsnummer 12362. In Briefe und Postkarten an seine Familie berichtete er, dass er dort auch als Friseur arbeite, und fragte immer wieder, wie es mit seinem Gesch\u00e4ft laufe.&nbsp;<br><br>Seine Karten trugen den Vermerk: \u201eEntlassungsgesuche aus der Schutzhaft an die Lagerleitung zwecklos.\u201c Zu Anfang kamen noch Pakete seiner Frau im KZ an: \u201eLiebe Frau, das Paket habe ich erhalten, wof\u00fcr ich Dir von Herzen danke\u2026 Sonst geht\u2019s mir noch gut\u2026\u201c (dies ist ein Auszug aus seinem Brief vom 26. Dezember 1937). Doch ab April 1938 wurde seine Haft versch\u00e4rft, denn \u2013 so die Begr\u00fcndung: \u201eDer Schutzh\u00e4ftling\u2026 weigert sich von der Irrlehre der Bibelforscher abzulassen.\u201c&nbsp;<br><br>Frau G\u00e4rtner f\u00fchrte das inzwischen schlecht laufende Gesch\u00e4ft zun\u00e4chst mit einem Gehilfen weiter; sie musste arbeiten gehen, um ihm den Lohn zahlen zu k\u00f6nnen. Als Zwingenberger Nazis versuchten den Salon auszur\u00e4umen, drohte ihnen die Schwiegermutter mit einem Beil in der Hand: \u201eDieses Gesch\u00e4ft hat Hans sich erarbeitet, und zwar f\u00fcr seine Kinder. Der erste, der von Euch hier reinkommt, den bring\u2018 ich um!\u201c Das wirkte \u2013 zumindest kurzfristig. In der Zweiten H\u00e4lfte des Jahres 1939 musste der Friseurladen allerdings nach Aufforderung der Friseurinnung doch geschlossen werden.&nbsp;<br><br>Ende September 1939 wurde Hans G\u00e4rtner in das KZ Mauthausen verlegt. Es gab Andeutungen einiger SS-Leute, die ihn und seine Frau auf eine Haftentlassung hoffen lie\u00dfen. Im Januar 1940 besuchte Dora G\u00e4rtner ihren Mann ein letztes Mal. Er wog nur noch 40 Kilo und war in einem erb\u00e4rmlichen Gesundheitszustand, denn die Essensrationen waren weiter gek\u00fcrzt worden. Im Februar 1940 wurde er ins KZ Dachau zur\u00fcckverlegt, am 26. April 1940 \u2013 kurz vor der erwarteten Haftentlassung \u2013 starb Hans G\u00e4rtner; er verhungerte, offiziell wurde \u201eKreislaufschw\u00e4che und Herzversagen\u201c als Ursache angegeben.<br><br>Zweimal bat Dora G\u00e4rtner den Kommandeur des KZ Dachau darum, ihr die Urne und den Ehering ihres Mannes zu \u00fcbersenden. Das wurde abgelehnt: aus finanziellen Gr\u00fcnden!<br><br>Der Zwingenberger NSDAP-Ortsgruppenleiter wurde nach der Befreiung 1945 mit dem Schild \u201eIch bin schuld am Tod von Hans G\u00e4rtner\u201c durch Zwingenberg gef\u00fchrt.<br><br>B\u00fcrgermeister Ludwig M\u00fctz beantragte bereits am 15.November, eine Stra\u00dfe am Orbis nach Hans G\u00e4rtner zu benennen.<\/p>\n\n\n\n<div style=\"height:40px\" aria-hidden=\"true\" class=\"wp-block-spacer\"><\/div>\n\n\n\n<figure class=\"wp-block-image alignwide size-full\"><img loading=\"lazy\" decoding=\"async\" width=\"567\" height=\"425\" src=\"https:\/\/arbeitskreis-zwingenberger-synagoge.de\/wordpress\/wp-content\/uploads\/2026\/06\/Stolperstein_Gaertner_1038.jpg\" alt=\"\" class=\"wp-image-145\" srcset=\"https:\/\/arbeitskreis-zwingenberger-synagoge.de\/wordpress\/wp-content\/uploads\/2026\/06\/Stolperstein_Gaertner_1038.jpg 567w, https:\/\/arbeitskreis-zwingenberger-synagoge.de\/wordpress\/wp-content\/uploads\/2026\/06\/Stolperstein_Gaertner_1038-300x225.jpg 300w\" sizes=\"auto, (max-width: 567px) 100vw, 567px\" \/><\/figure>\n\n\n\n<p class=\"has-text-align-center alignwide wp-block-paragraph\"><sup>Zusammengestellt und vorgetragen bei der Stolpersteinverlegung am 03. Juli 2012 von Ulrike Jaspers-K\u00fchnhold.<\/sup><\/p>\n\n\n\n<div class=\"wp-block-group alignfull has-global-padding is-layout-constrained wp-block-group-is-layout-constrained\">\n<div style=\"height:70px\" aria-hidden=\"true\" class=\"wp-block-spacer\"><\/div>\n\n\n<nav style=\"--separator: &quot;\/&quot;\" class=\"alignfull wp-block-breadcrumbs\" aria-label=\"Navigationspfad\"><ol><li><a href=\"https:\/\/arbeitskreis-zwingenberger-synagoge.de\/wordpress\/\">Start<\/a><\/li><li><a href=\"https:\/\/arbeitskreis-zwingenberger-synagoge.de\/wordpress\/stolpersteine_stolperschwelle\/\">Stolpersteine und Stolperschwelle<\/a><\/li><li><span aria-current=\"page\">Hans G\u00e4rtner<\/span><\/li><\/ol><\/nav><\/div>\n","protected":false},"excerpt":{"rendered":"<p>\u201eIch erkl\u00e4re hiermit, dass unsere Glaubenslehre verbietet, jemals einen Glaubensgenossen von uns zu verraten. Ich halte mich streng an diese Weisung und richte mich stets danach.\u201c Hans G\u00e4rtner lie\u00df sich nicht dazu hinrei\u00dfen, andere Zeugen Jehovas zu verraten, als er am 24. April 1935 in Schutzhaft kam und sp\u00e4ter von dem Darmst\u00e4dter Sondergericht zu einer [&hellip;]<\/p>\n","protected":false},"author":1,"featured_media":128,"parent":23,"menu_order":0,"comment_status":"closed","ping_status":"closed","template":"","meta":{"footnotes":""},"class_list":["post-134","page","type-page","status-publish","has-post-thumbnail","hentry"],"yoast_head":"<!-- This site is optimized with the Yoast SEO plugin v28.4 - https:\/\/yoast.com\/product\/yoast-seo-wordpress\/ -->\n<title>Hans G\u00e4rtner - Arbeitskreis Zwingenberger Synagoge e.V.<\/title>\n<meta name=\"robots\" content=\"index, follow, max-snippet:-1, max-image-preview:large, max-video-preview:-1\" \/>\n<link rel=\"canonical\" href=\"https:\/\/arbeitskreis-zwingenberger-synagoge.de\/wordpress\/stolpersteine_stolperschwelle\/hans-gaertner\/\" \/>\n<meta property=\"og:locale\" content=\"de_DE\" \/>\n<meta property=\"og:type\" content=\"article\" \/>\n<meta property=\"og:title\" content=\"Hans G\u00e4rtner - Arbeitskreis Zwingenberger Synagoge e.V.\" \/>\n<meta property=\"og:description\" content=\"\u201eIch erkl\u00e4re hiermit, dass unsere Glaubenslehre verbietet, jemals einen Glaubensgenossen von uns zu verraten. Ich halte mich streng an diese Weisung und richte mich stets danach.\u201c Hans G\u00e4rtner lie\u00df sich nicht dazu hinrei\u00dfen, andere Zeugen Jehovas zu verraten, als er am 24. April 1935 in Schutzhaft kam und sp\u00e4ter von dem Darmst\u00e4dter Sondergericht zu einer [&hellip;]\" \/>\n<meta property=\"og:url\" content=\"https:\/\/arbeitskreis-zwingenberger-synagoge.de\/wordpress\/stolpersteine_stolperschwelle\/hans-gaertner\/\" \/>\n<meta property=\"og:site_name\" content=\"Arbeitskreis Zwingenberger Synagoge e.V.\" \/>\n<meta property=\"article:modified_time\" content=\"2026-08-21T21:11:13+00:00\" \/>\n<meta property=\"og:image\" content=\"https:\/\/arbeitskreis-zwingenberger-synagoge.de\/wordpress\/wp-content\/uploads\/2026\/06\/gaertnerwebiste_1038.jpg\" \/>\n\t<meta property=\"og:image:width\" content=\"567\" \/>\n\t<meta property=\"og:image:height\" content=\"394\" \/>\n\t<meta property=\"og:image:type\" content=\"image\/jpeg\" \/>\n<meta name=\"twitter:card\" content=\"summary_large_image\" \/>\n<meta name=\"twitter:label1\" content=\"Gesch\u00e4tzte Lesezeit\" \/>\n\t<meta name=\"twitter:data1\" content=\"6\u00a0Minuten\" \/>\n<script type=\"application\/ld+json\" class=\"yoast-schema-graph\">{\"@context\":\"https:\\\/\\\/schema.org\",\"@graph\":[{\"@type\":\"WebPage\",\"@id\":\"https:\\\/\\\/arbeitskreis-zwingenberger-synagoge.de\\\/wordpress\\\/stolpersteine_stolperschwelle\\\/hans-gaertner\\\/\",\"url\":\"https:\\\/\\\/arbeitskreis-zwingenberger-synagoge.de\\\/wordpress\\\/stolpersteine_stolperschwelle\\\/hans-gaertner\\\/\",\"name\":\"Hans G\u00e4rtner - Arbeitskreis Zwingenberger Synagoge e.V.\",\"isPartOf\":{\"@id\":\"https:\\\/\\\/arbeitskreis-zwingenberger-synagoge.de\\\/wordpress\\\/#website\"},\"primaryImageOfPage\":{\"@id\":\"https:\\\/\\\/arbeitskreis-zwingenberger-synagoge.de\\\/wordpress\\\/stolpersteine_stolperschwelle\\\/hans-gaertner\\\/#primaryimage\"},\"image\":{\"@id\":\"https:\\\/\\\/arbeitskreis-zwingenberger-synagoge.de\\\/wordpress\\\/stolpersteine_stolperschwelle\\\/hans-gaertner\\\/#primaryimage\"},\"thumbnailUrl\":\"https:\\\/\\\/arbeitskreis-zwingenberger-synagoge.de\\\/wordpress\\\/wp-content\\\/uploads\\\/2026\\\/06\\\/gaertnerwebiste_1038.jpg\",\"datePublished\":\"2026-06-09T21:40:43+00:00\",\"dateModified\":\"2026-08-21T21:11:13+00:00\",\"breadcrumb\":{\"@id\":\"https:\\\/\\\/arbeitskreis-zwingenberger-synagoge.de\\\/wordpress\\\/stolpersteine_stolperschwelle\\\/hans-gaertner\\\/#breadcrumb\"},\"inLanguage\":\"de\",\"potentialAction\":[{\"@type\":\"ReadAction\",\"target\":[\"https:\\\/\\\/arbeitskreis-zwingenberger-synagoge.de\\\/wordpress\\\/stolpersteine_stolperschwelle\\\/hans-gaertner\\\/\"]}]},{\"@type\":\"ImageObject\",\"inLanguage\":\"de\",\"@id\":\"https:\\\/\\\/arbeitskreis-zwingenberger-synagoge.de\\\/wordpress\\\/stolpersteine_stolperschwelle\\\/hans-gaertner\\\/#primaryimage\",\"url\":\"https:\\\/\\\/arbeitskreis-zwingenberger-synagoge.de\\\/wordpress\\\/wp-content\\\/uploads\\\/2026\\\/06\\\/gaertnerwebiste_1038.jpg\",\"contentUrl\":\"https:\\\/\\\/arbeitskreis-zwingenberger-synagoge.de\\\/wordpress\\\/wp-content\\\/uploads\\\/2026\\\/06\\\/gaertnerwebiste_1038.jpg\",\"width\":567,\"height\":394,\"caption\":\"Hans G\u00e4rtner in seinem Haarsalon.\"},{\"@type\":\"BreadcrumbList\",\"@id\":\"https:\\\/\\\/arbeitskreis-zwingenberger-synagoge.de\\\/wordpress\\\/stolpersteine_stolperschwelle\\\/hans-gaertner\\\/#breadcrumb\",\"itemListElement\":[{\"@type\":\"ListItem\",\"position\":1,\"name\":\"Start\",\"item\":\"https:\\\/\\\/arbeitskreis-zwingenberger-synagoge.de\\\/wordpress\\\/\"},{\"@type\":\"ListItem\",\"position\":2,\"name\":\"Stolpersteine und Stolperschwelle\",\"item\":\"https:\\\/\\\/arbeitskreis-zwingenberger-synagoge.de\\\/wordpress\\\/stolpersteine_stolperschwelle\\\/\"},{\"@type\":\"ListItem\",\"position\":3,\"name\":\"Hans G\u00e4rtner\"}]},{\"@type\":\"WebSite\",\"@id\":\"https:\\\/\\\/arbeitskreis-zwingenberger-synagoge.de\\\/wordpress\\\/#website\",\"url\":\"https:\\\/\\\/arbeitskreis-zwingenberger-synagoge.de\\\/wordpress\\\/\",\"name\":\"Arbeitskreis Zwingenberger Synagoge e.V.\",\"description\":\"\",\"publisher\":{\"@id\":\"https:\\\/\\\/arbeitskreis-zwingenberger-synagoge.de\\\/wordpress\\\/#organization\"},\"potentialAction\":[{\"@type\":\"SearchAction\",\"target\":{\"@type\":\"EntryPoint\",\"urlTemplate\":\"https:\\\/\\\/arbeitskreis-zwingenberger-synagoge.de\\\/wordpress\\\/?s={search_term_string}\"},\"query-input\":{\"@type\":\"PropertyValueSpecification\",\"valueRequired\":true,\"valueName\":\"search_term_string\"}}],\"inLanguage\":\"de\"},{\"@type\":\"Organization\",\"@id\":\"https:\\\/\\\/arbeitskreis-zwingenberger-synagoge.de\\\/wordpress\\\/#organization\",\"name\":\"Arbeitskreis Zwingenberger Synagoge e.V.\",\"url\":\"https:\\\/\\\/arbeitskreis-zwingenberger-synagoge.de\\\/wordpress\\\/\",\"logo\":{\"@type\":\"ImageObject\",\"inLanguage\":\"de\",\"@id\":\"https:\\\/\\\/arbeitskreis-zwingenberger-synagoge.de\\\/wordpress\\\/#\\\/schema\\\/logo\\\/image\\\/\",\"url\":\"https:\\\/\\\/arbeitskreis-zwingenberger-synagoge.de\\\/wordpress\\\/wp-content\\\/uploads\\\/2026\\\/06\\\/cropped-Wordpress_Icon.png\",\"contentUrl\":\"https:\\\/\\\/arbeitskreis-zwingenberger-synagoge.de\\\/wordpress\\\/wp-content\\\/uploads\\\/2026\\\/06\\\/cropped-Wordpress_Icon.png\",\"width\":512,\"height\":512,\"caption\":\"Arbeitskreis Zwingenberger Synagoge e.V.\"},\"image\":{\"@id\":\"https:\\\/\\\/arbeitskreis-zwingenberger-synagoge.de\\\/wordpress\\\/#\\\/schema\\\/logo\\\/image\\\/\"}}]}<\/script>\n<!-- \/ Yoast SEO plugin. -->","yoast_head_json":{"title":"Hans G\u00e4rtner - Arbeitskreis Zwingenberger Synagoge e.V.","robots":{"index":"index","follow":"follow","max-snippet":"max-snippet:-1","max-image-preview":"max-image-preview:large","max-video-preview":"max-video-preview:-1"},"canonical":"https:\/\/arbeitskreis-zwingenberger-synagoge.de\/wordpress\/stolpersteine_stolperschwelle\/hans-gaertner\/","og_locale":"de_DE","og_type":"article","og_title":"Hans G\u00e4rtner - Arbeitskreis Zwingenberger Synagoge e.V.","og_description":"\u201eIch erkl\u00e4re hiermit, dass unsere Glaubenslehre verbietet, jemals einen Glaubensgenossen von uns zu verraten. Ich halte mich streng an diese Weisung und richte mich stets danach.\u201c Hans G\u00e4rtner lie\u00df sich nicht dazu hinrei\u00dfen, andere Zeugen Jehovas zu verraten, als er am 24. April 1935 in Schutzhaft kam und sp\u00e4ter von dem Darmst\u00e4dter Sondergericht zu einer [&hellip;]","og_url":"https:\/\/arbeitskreis-zwingenberger-synagoge.de\/wordpress\/stolpersteine_stolperschwelle\/hans-gaertner\/","og_site_name":"Arbeitskreis Zwingenberger Synagoge e.V.","article_modified_time":"2026-08-21T21:11:13+00:00","og_image":[{"width":567,"height":394,"url":"https:\/\/arbeitskreis-zwingenberger-synagoge.de\/wordpress\/wp-content\/uploads\/2026\/06\/gaertnerwebiste_1038.jpg","type":"image\/jpeg"}],"twitter_card":"summary_large_image","twitter_misc":{"Gesch\u00e4tzte Lesezeit":"6\u00a0Minuten"},"schema":{"@context":"https:\/\/schema.org","@graph":[{"@type":"WebPage","@id":"https:\/\/arbeitskreis-zwingenberger-synagoge.de\/wordpress\/stolpersteine_stolperschwelle\/hans-gaertner\/","url":"https:\/\/arbeitskreis-zwingenberger-synagoge.de\/wordpress\/stolpersteine_stolperschwelle\/hans-gaertner\/","name":"Hans G\u00e4rtner - Arbeitskreis Zwingenberger Synagoge e.V.","isPartOf":{"@id":"https:\/\/arbeitskreis-zwingenberger-synagoge.de\/wordpress\/#website"},"primaryImageOfPage":{"@id":"https:\/\/arbeitskreis-zwingenberger-synagoge.de\/wordpress\/stolpersteine_stolperschwelle\/hans-gaertner\/#primaryimage"},"image":{"@id":"https:\/\/arbeitskreis-zwingenberger-synagoge.de\/wordpress\/stolpersteine_stolperschwelle\/hans-gaertner\/#primaryimage"},"thumbnailUrl":"https:\/\/arbeitskreis-zwingenberger-synagoge.de\/wordpress\/wp-content\/uploads\/2026\/06\/gaertnerwebiste_1038.jpg","datePublished":"2026-06-09T21:40:43+00:00","dateModified":"2026-08-21T21:11:13+00:00","breadcrumb":{"@id":"https:\/\/arbeitskreis-zwingenberger-synagoge.de\/wordpress\/stolpersteine_stolperschwelle\/hans-gaertner\/#breadcrumb"},"inLanguage":"de","potentialAction":[{"@type":"ReadAction","target":["https:\/\/arbeitskreis-zwingenberger-synagoge.de\/wordpress\/stolpersteine_stolperschwelle\/hans-gaertner\/"]}]},{"@type":"ImageObject","inLanguage":"de","@id":"https:\/\/arbeitskreis-zwingenberger-synagoge.de\/wordpress\/stolpersteine_stolperschwelle\/hans-gaertner\/#primaryimage","url":"https:\/\/arbeitskreis-zwingenberger-synagoge.de\/wordpress\/wp-content\/uploads\/2026\/06\/gaertnerwebiste_1038.jpg","contentUrl":"https:\/\/arbeitskreis-zwingenberger-synagoge.de\/wordpress\/wp-content\/uploads\/2026\/06\/gaertnerwebiste_1038.jpg","width":567,"height":394,"caption":"Hans G\u00e4rtner in seinem Haarsalon."},{"@type":"BreadcrumbList","@id":"https:\/\/arbeitskreis-zwingenberger-synagoge.de\/wordpress\/stolpersteine_stolperschwelle\/hans-gaertner\/#breadcrumb","itemListElement":[{"@type":"ListItem","position":1,"name":"Start","item":"https:\/\/arbeitskreis-zwingenberger-synagoge.de\/wordpress\/"},{"@type":"ListItem","position":2,"name":"Stolpersteine und Stolperschwelle","item":"https:\/\/arbeitskreis-zwingenberger-synagoge.de\/wordpress\/stolpersteine_stolperschwelle\/"},{"@type":"ListItem","position":3,"name":"Hans G\u00e4rtner"}]},{"@type":"WebSite","@id":"https:\/\/arbeitskreis-zwingenberger-synagoge.de\/wordpress\/#website","url":"https:\/\/arbeitskreis-zwingenberger-synagoge.de\/wordpress\/","name":"Arbeitskreis Zwingenberger Synagoge e.V.","description":"","publisher":{"@id":"https:\/\/arbeitskreis-zwingenberger-synagoge.de\/wordpress\/#organization"},"potentialAction":[{"@type":"SearchAction","target":{"@type":"EntryPoint","urlTemplate":"https:\/\/arbeitskreis-zwingenberger-synagoge.de\/wordpress\/?s={search_term_string}"},"query-input":{"@type":"PropertyValueSpecification","valueRequired":true,"valueName":"search_term_string"}}],"inLanguage":"de"},{"@type":"Organization","@id":"https:\/\/arbeitskreis-zwingenberger-synagoge.de\/wordpress\/#organization","name":"Arbeitskreis Zwingenberger Synagoge e.V.","url":"https:\/\/arbeitskreis-zwingenberger-synagoge.de\/wordpress\/","logo":{"@type":"ImageObject","inLanguage":"de","@id":"https:\/\/arbeitskreis-zwingenberger-synagoge.de\/wordpress\/#\/schema\/logo\/image\/","url":"https:\/\/arbeitskreis-zwingenberger-synagoge.de\/wordpress\/wp-content\/uploads\/2026\/06\/cropped-Wordpress_Icon.png","contentUrl":"https:\/\/arbeitskreis-zwingenberger-synagoge.de\/wordpress\/wp-content\/uploads\/2026\/06\/cropped-Wordpress_Icon.png","width":512,"height":512,"caption":"Arbeitskreis Zwingenberger Synagoge e.V."},"image":{"@id":"https:\/\/arbeitskreis-zwingenberger-synagoge.de\/wordpress\/#\/schema\/logo\/image\/"}}]}},"_links":{"self":[{"href":"https:\/\/arbeitskreis-zwingenberger-synagoge.de\/wordpress\/wp-json\/wp\/v2\/pages\/134","targetHints":{"allow":["GET"]}}],"collection":[{"href":"https:\/\/arbeitskreis-zwingenberger-synagoge.de\/wordpress\/wp-json\/wp\/v2\/pages"}],"about":[{"href":"https:\/\/arbeitskreis-zwingenberger-synagoge.de\/wordpress\/wp-json\/wp\/v2\/types\/page"}],"author":[{"embeddable":true,"href":"https:\/\/arbeitskreis-zwingenberger-synagoge.de\/wordpress\/wp-json\/wp\/v2\/users\/1"}],"replies":[{"embeddable":true,"href":"https:\/\/arbeitskreis-zwingenberger-synagoge.de\/wordpress\/wp-json\/wp\/v2\/comments?post=134"}],"version-history":[{"count":6,"href":"https:\/\/arbeitskreis-zwingenberger-synagoge.de\/wordpress\/wp-json\/wp\/v2\/pages\/134\/revisions"}],"predecessor-version":[{"id":316,"href":"https:\/\/arbeitskreis-zwingenberger-synagoge.de\/wordpress\/wp-json\/wp\/v2\/pages\/134\/revisions\/316"}],"up":[{"embeddable":true,"href":"https:\/\/arbeitskreis-zwingenberger-synagoge.de\/wordpress\/wp-json\/wp\/v2\/pages\/23"}],"wp:featuredmedia":[{"embeddable":true,"href":"https:\/\/arbeitskreis-zwingenberger-synagoge.de\/wordpress\/wp-json\/wp\/v2\/media\/128"}],"wp:attachment":[{"href":"https:\/\/arbeitskreis-zwingenberger-synagoge.de\/wordpress\/wp-json\/wp\/v2\/media?parent=134"}],"curies":[{"name":"wp","href":"https:\/\/api.w.org\/{rel}","templated":true}]}}